{"version":"1.0","provider_name":"Archev\u00each\u00e9 Orthodoxe de Belgique","provider_url":"https:\/\/orthodoxia.be\/fr\/","title":"Communiqu\u00e9 de la conf\u00e9rence \u00e9piscopale orthodoxe du Benelux (CEOB-OBB) - Archev\u00each\u00e9 Orthodoxe de Belgique","type":"rich","width":600,"height":338,"html":"<blockquote class=\"wp-embedded-content\" data-secret=\"hRp3NG0g4L\"><a href=\"https:\/\/orthodoxia.be\/fr\/2018\/06\/14\/communique-de-la-conference-episcopale-orthodoxe-du-benelux\/\">Communiqu\u00e9 de la conf\u00e9rence \u00e9piscopale orthodoxe du Benelux (CEOB-OBB)<\/a><\/blockquote><iframe sandbox=\"allow-scripts\" security=\"restricted\" src=\"https:\/\/orthodoxia.be\/fr\/2018\/06\/14\/communique-de-la-conference-episcopale-orthodoxe-du-benelux\/embed\/#?secret=hRp3NG0g4L\" width=\"600\" height=\"338\" title=\"\u00ab\u00a0Communiqu\u00e9 de la conf\u00e9rence \u00e9piscopale orthodoxe du Benelux (CEOB-OBB)\u00a0\u00bb &#8212; Archev\u00each\u00e9 Orthodoxe de Belgique\" data-secret=\"hRp3NG0g4L\" frameborder=\"0\" marginwidth=\"0\" marginheight=\"0\" scrolling=\"no\" class=\"wp-embedded-content\"><\/iframe><script>\n\/*! This file is auto-generated *\/\n!function(d,l){\"use strict\";l.querySelector&&d.addEventListener&&\"undefined\"!=typeof URL&&(d.wp=d.wp||{},d.wp.receiveEmbedMessage||(d.wp.receiveEmbedMessage=function(e){var t=e.data;if((t||t.secret||t.message||t.value)&&!\/[^a-zA-Z0-9]\/.test(t.secret)){for(var s,r,n,a=l.querySelectorAll('iframe[data-secret=\"'+t.secret+'\"]'),o=l.querySelectorAll('blockquote[data-secret=\"'+t.secret+'\"]'),c=new RegExp(\"^https?:$\",\"i\"),i=0;i<o.length;i++)o[i].style.display=\"none\";for(i=0;i<a.length;i++)s=a[i],e.source===s.contentWindow&&(s.removeAttribute(\"style\"),\"height\"===t.message?(1e3<(r=parseInt(t.value,10))?r=1e3:~~r<200&&(r=200),s.height=r):\"link\"===t.message&&(r=new URL(s.getAttribute(\"src\")),n=new URL(t.value),c.test(n.protocol))&&n.host===r.host&&l.activeElement===s&&(d.top.location.href=t.value))}},d.addEventListener(\"message\",d.wp.receiveEmbedMessage,!1),l.addEventListener(\"DOMContentLoaded\",function(){for(var e,t,s=l.querySelectorAll(\"iframe.wp-embedded-content\"),r=0;r<s.length;r++)(t=(e=s[r]).getAttribute(\"data-secret\"))||(t=Math.random().toString(36).substring(2,12),e.src+=\"#?secret=\"+t,e.setAttribute(\"data-secret\",t)),e.contentWindow.postMessage({message:\"ready\",secret:t},\"*\")},!1)))}(window,document);\n<\/script>\n","thumbnail_url":"https:\/\/orthodoxia.be\/wp-content\/uploads\/2018\/06\/IMG_3220-CEOB-4-orth.jpg","thumbnail_width":1023,"thumbnail_height":682,"description":"Bruxelles &#8211; La Conf\u00e9rence Episcopale Orthodoxe du Benelux (CEOB) s\u2019est r\u00e9unie, pour la quinzi\u00e8me fois, au si\u00e8ge de la M\u00e9tropole Orthodoxe, Avenue Charbo 71\u00e0 Bruxelles, le jeudi 14 juin 2018, sous la pr\u00e9sidence de Son Eminence le M\u00e9tropolite Ath\u00e9nagoras de Belgique (Patriarcat \u0152cum\u00e9nique). \u00c9taient aussi pr\u00e9sents l\u2019Archev\u00eaque Simon (vice-pr\u00e9sident &#8211; Patriarcat de Moscou), l\u2019Ev\u00eaque Marc, &hellip; Continued"}