{"version":"1.0","provider_name":"Archev\u00each\u00e9 Orthodoxe de Belgique","provider_url":"https:\/\/orthodoxia.be\/fr\/","title":"INVITATION \u2013 Le r\u00f4le du Patriarcat Oecum\u00e9nique dans l\u2019Eglise Orthodoxe - Archev\u00each\u00e9 Orthodoxe de Belgique","type":"rich","width":600,"height":338,"html":"<blockquote class=\"wp-embedded-content\" data-secret=\"u1IbZAE8zg\"><a href=\"https:\/\/orthodoxia.be\/fr\/2019\/02\/08\/le-role-du-patriarcat-oecumenique-dans-leglise-orthodoxe\/\">INVITATION \u2013  Le r\u00f4le du Patriarcat Oecum\u00e9nique dans l\u2019Eglise Orthodoxe<\/a><\/blockquote><iframe sandbox=\"allow-scripts\" security=\"restricted\" src=\"https:\/\/orthodoxia.be\/fr\/2019\/02\/08\/le-role-du-patriarcat-oecumenique-dans-leglise-orthodoxe\/embed\/#?secret=u1IbZAE8zg\" width=\"600\" height=\"338\" title=\"\u00ab\u00a0INVITATION \u2013  Le r\u00f4le du Patriarcat Oecum\u00e9nique dans l\u2019Eglise Orthodoxe\u00a0\u00bb &#8212; Archev\u00each\u00e9 Orthodoxe de Belgique\" data-secret=\"u1IbZAE8zg\" frameborder=\"0\" marginwidth=\"0\" marginheight=\"0\" scrolling=\"no\" class=\"wp-embedded-content\"><\/iframe><script>\n\/*! This file is auto-generated *\/\n!function(d,l){\"use strict\";l.querySelector&&d.addEventListener&&\"undefined\"!=typeof URL&&(d.wp=d.wp||{},d.wp.receiveEmbedMessage||(d.wp.receiveEmbedMessage=function(e){var t=e.data;if((t||t.secret||t.message||t.value)&&!\/[^a-zA-Z0-9]\/.test(t.secret)){for(var s,r,n,a=l.querySelectorAll('iframe[data-secret=\"'+t.secret+'\"]'),o=l.querySelectorAll('blockquote[data-secret=\"'+t.secret+'\"]'),c=new RegExp(\"^https?:$\",\"i\"),i=0;i<o.length;i++)o[i].style.display=\"none\";for(i=0;i<a.length;i++)s=a[i],e.source===s.contentWindow&&(s.removeAttribute(\"style\"),\"height\"===t.message?(1e3<(r=parseInt(t.value,10))?r=1e3:~~r<200&&(r=200),s.height=r):\"link\"===t.message&&(r=new URL(s.getAttribute(\"src\")),n=new URL(t.value),c.test(n.protocol))&&n.host===r.host&&l.activeElement===s&&(d.top.location.href=t.value))}},d.addEventListener(\"message\",d.wp.receiveEmbedMessage,!1),l.addEventListener(\"DOMContentLoaded\",function(){for(var e,t,s=l.querySelectorAll(\"iframe.wp-embedded-content\"),r=0;r<s.length;r++)(t=(e=s[r]).getAttribute(\"data-secret\"))||(t=Math.random().toString(36).substring(2,12),e.src+=\"#?secret=\"+t,e.setAttribute(\"data-secret\",t)),e.contentWindow.postMessage({message:\"ready\",secret:t},\"*\")},!1)))}(window,document);\n<\/script>\n","thumbnail_url":"https:\/\/orthodoxia.be\/wp-content\/uploads\/2019\/02\/2018.02.25-Le-r\u00f4le-du-Patriarcat-Oecum\u00e9nique-dans-l\u2019Eglise-Orthodoxe_V2-FR-th.jpg","thumbnail_width":800,"thumbnail_height":732,"description":"INVITATION Le Cycle de conf\u00e9rences \u00abOrthodoxos Logos\u00bb de l\u2019Archev\u00each\u00e9 de Belgique, a l\u2019honneur de vous inviter \u00e0 la Conf\u00e9rence Son Eminence le M\u00e9tropolite Bartholom\u00e9e de Smyrne, le lundi 25 f\u00e9vrier 2019 \u00e0 19h30, en la salle des Conf\u00e9rences du Couvent des Dominicains de Bruxelles (Avenue Renaissance, 40 \u2013 1000 Bruxelles \u2013 M\u00e9tro Schuman). Le conf\u00e9rencier, &hellip; Continued"}