{"version":"1.0","provider_name":"Archev\u00each\u00e9 Orthodoxe de Belgique","provider_url":"https:\/\/orthodoxia.be\/fr\/","title":"Jubil\u00e9 d\u2019Or - Archev\u00each\u00e9 Orthodoxe de Belgique","type":"rich","width":600,"height":338,"html":"<blockquote class=\"wp-embedded-content\" data-secret=\"NpvuPz7UPF\"><a href=\"https:\/\/orthodoxia.be\/fr\/2019\/05\/20\/jubile-dor\/\">Jubil\u00e9 d\u2019Or<\/a><\/blockquote><iframe sandbox=\"allow-scripts\" security=\"restricted\" src=\"https:\/\/orthodoxia.be\/fr\/2019\/05\/20\/jubile-dor\/embed\/#?secret=NpvuPz7UPF\" width=\"600\" height=\"338\" title=\"\u00ab\u00a0Jubil\u00e9 d\u2019Or\u00a0\u00bb &#8212; Archev\u00each\u00e9 Orthodoxe de Belgique\" data-secret=\"NpvuPz7UPF\" frameborder=\"0\" marginwidth=\"0\" marginheight=\"0\" scrolling=\"no\" class=\"wp-embedded-content\"><\/iframe><script>\n\/*! This file is auto-generated *\/\n!function(d,l){\"use strict\";l.querySelector&&d.addEventListener&&\"undefined\"!=typeof URL&&(d.wp=d.wp||{},d.wp.receiveEmbedMessage||(d.wp.receiveEmbedMessage=function(e){var t=e.data;if((t||t.secret||t.message||t.value)&&!\/[^a-zA-Z0-9]\/.test(t.secret)){for(var s,r,n,a=l.querySelectorAll('iframe[data-secret=\"'+t.secret+'\"]'),o=l.querySelectorAll('blockquote[data-secret=\"'+t.secret+'\"]'),c=new RegExp(\"^https?:$\",\"i\"),i=0;i<o.length;i++)o[i].style.display=\"none\";for(i=0;i<a.length;i++)s=a[i],e.source===s.contentWindow&&(s.removeAttribute(\"style\"),\"height\"===t.message?(1e3<(r=parseInt(t.value,10))?r=1e3:~~r<200&&(r=200),s.height=r):\"link\"===t.message&&(r=new URL(s.getAttribute(\"src\")),n=new URL(t.value),c.test(n.protocol))&&n.host===r.host&&l.activeElement===s&&(d.top.location.href=t.value))}},d.addEventListener(\"message\",d.wp.receiveEmbedMessage,!1),l.addEventListener(\"DOMContentLoaded\",function(){for(var e,t,s=l.querySelectorAll(\"iframe.wp-embedded-content\"),r=0;r<s.length;r++)(t=(e=s[r]).getAttribute(\"data-secret\"))||(t=Math.random().toString(36).substring(2,12),e.src+=\"#?secret=\"+t,e.setAttribute(\"data-secret\",t)),e.contentWindow.postMessage({message:\"ready\",secret:t},\"*\")},!1)))}(window,document);\n<\/script>\n","thumbnail_url":"https:\/\/orthodoxia.be\/wp-content\/uploads\/2019\/04\/50ans-IMB.png","thumbnail_width":600,"thumbnail_height":600,"description":"N\u00b0 Prot. 282-2019 Aux membres du clerg\u00e9 et aux honorables chr\u00e9tiens de notre Archev\u00each\u00e9 R\u00e9v\u00e9rends p\u00e8res et chers enfants en Christ, Avec cette encyclique et \u00e0 quelques encablures de la grande f\u00eate de P\u00e2ques, je souhaite annoncer, tant aux membres du clerg\u00e9 qu\u2019aux fid\u00e8les chr\u00e9tiens de notre Archev\u00each\u00e9, qu\u2019en cette ann\u00e9e 2019, nous compl\u00e9tons un &hellip; Continued"}