{"version":"1.0","provider_name":"Archev\u00each\u00e9 Orthodoxe de Belgique","provider_url":"https:\/\/orthodoxia.be\/fr\/","title":"Communiqu\u00e9 Covid-19 (31 mars 2020) - Archev\u00each\u00e9 Orthodoxe de Belgique","type":"rich","width":600,"height":338,"html":"<blockquote class=\"wp-embedded-content\" data-secret=\"s2dgzqwt23\"><a href=\"https:\/\/orthodoxia.be\/fr\/2020\/03\/31\/communique-covid-19-31-mars-2020\/\">Communiqu\u00e9 Covid-19 (31 mars 2020)<\/a><\/blockquote><iframe sandbox=\"allow-scripts\" security=\"restricted\" src=\"https:\/\/orthodoxia.be\/fr\/2020\/03\/31\/communique-covid-19-31-mars-2020\/embed\/#?secret=s2dgzqwt23\" width=\"600\" height=\"338\" title=\"\u00ab\u00a0Communiqu\u00e9 Covid-19 (31 mars 2020)\u00a0\u00bb &#8212; Archev\u00each\u00e9 Orthodoxe de Belgique\" data-secret=\"s2dgzqwt23\" frameborder=\"0\" marginwidth=\"0\" marginheight=\"0\" scrolling=\"no\" class=\"wp-embedded-content\"><\/iframe><script>\n\/*! This file is auto-generated *\/\n!function(d,l){\"use strict\";l.querySelector&&d.addEventListener&&\"undefined\"!=typeof URL&&(d.wp=d.wp||{},d.wp.receiveEmbedMessage||(d.wp.receiveEmbedMessage=function(e){var t=e.data;if((t||t.secret||t.message||t.value)&&!\/[^a-zA-Z0-9]\/.test(t.secret)){for(var s,r,n,a=l.querySelectorAll('iframe[data-secret=\"'+t.secret+'\"]'),o=l.querySelectorAll('blockquote[data-secret=\"'+t.secret+'\"]'),c=new RegExp(\"^https?:$\",\"i\"),i=0;i<o.length;i++)o[i].style.display=\"none\";for(i=0;i<a.length;i++)s=a[i],e.source===s.contentWindow&&(s.removeAttribute(\"style\"),\"height\"===t.message?(1e3<(r=parseInt(t.value,10))?r=1e3:~~r<200&&(r=200),s.height=r):\"link\"===t.message&&(r=new URL(s.getAttribute(\"src\")),n=new URL(t.value),c.test(n.protocol))&&n.host===r.host&&l.activeElement===s&&(d.top.location.href=t.value))}},d.addEventListener(\"message\",d.wp.receiveEmbedMessage,!1),l.addEventListener(\"DOMContentLoaded\",function(){for(var e,t,s=l.querySelectorAll(\"iframe.wp-embedded-content\"),r=0;r<s.length;r++)(t=(e=s[r]).getAttribute(\"data-secret\"))||(t=Math.random().toString(36).substring(2,12),e.src+=\"#?secret=\"+t,e.setAttribute(\"data-secret\",t)),e.contentWindow.postMessage({message:\"ready\",secret:t},\"*\")},!1)))}(window,document);\n<\/script>\n","thumbnail_url":"https:\/\/orthodoxia.be\/wp-content\/uploads\/2018\/01\/20130726025850Constantinoupolis_coat_of_arms.png","thumbnail_width":315,"thumbnail_height":317,"description":"Le Communiqu\u00e9 du 18 de ce mois de mars permettait au Patriarcat Oecum\u00e9nique de Constantinople de faire conna\u00eetre sa d\u00e9cision de suspendre toutes les c\u00e9l\u00e9brations et c\u00e9r\u00e9monies eccl\u00e9siastiques dans son ob\u00e9dience, jusqu\u2019\u00e0 la fin du mois, ainsi que sa volont\u00e9 de revenir sur le sujet en fonction de l\u2019\u00e9volution de la situation. De fait, \u00e9tant &hellip; Continued"}