{"version":"1.0","provider_name":"Archev\u00each\u00e9 Orthodoxe de Belgique","provider_url":"https:\/\/orthodoxia.be\/fr\/","title":"F\u00eate paroissiale de l\u2019Ap\u00f4tre Andr\u00e9 \u00e0 Gand - Archev\u00each\u00e9 Orthodoxe de Belgique","type":"rich","width":600,"height":338,"html":"<blockquote class=\"wp-embedded-content\" data-secret=\"D9XRQfyns0\"><a href=\"https:\/\/orthodoxia.be\/fr\/2025\/12\/02\/fete-paroissiale-de-lapotre-andre-a-gand\/\">F\u00eate paroissiale de l\u2019Ap\u00f4tre Andr\u00e9 \u00e0 Gand<\/a><\/blockquote><iframe sandbox=\"allow-scripts\" security=\"restricted\" src=\"https:\/\/orthodoxia.be\/fr\/2025\/12\/02\/fete-paroissiale-de-lapotre-andre-a-gand\/embed\/#?secret=D9XRQfyns0\" width=\"600\" height=\"338\" title=\"\u00ab\u00a0F\u00eate paroissiale de l\u2019Ap\u00f4tre Andr\u00e9 \u00e0 Gand\u00a0\u00bb &#8212; Archev\u00each\u00e9 Orthodoxe de Belgique\" data-secret=\"D9XRQfyns0\" frameborder=\"0\" marginwidth=\"0\" marginheight=\"0\" scrolling=\"no\" class=\"wp-embedded-content\"><\/iframe><script>\n\/*! This file is auto-generated *\/\n!function(d,l){\"use strict\";l.querySelector&&d.addEventListener&&\"undefined\"!=typeof URL&&(d.wp=d.wp||{},d.wp.receiveEmbedMessage||(d.wp.receiveEmbedMessage=function(e){var t=e.data;if((t||t.secret||t.message||t.value)&&!\/[^a-zA-Z0-9]\/.test(t.secret)){for(var s,r,n,a=l.querySelectorAll('iframe[data-secret=\"'+t.secret+'\"]'),o=l.querySelectorAll('blockquote[data-secret=\"'+t.secret+'\"]'),c=new RegExp(\"^https?:$\",\"i\"),i=0;i<o.length;i++)o[i].style.display=\"none\";for(i=0;i<a.length;i++)s=a[i],e.source===s.contentWindow&&(s.removeAttribute(\"style\"),\"height\"===t.message?(1e3<(r=parseInt(t.value,10))?r=1e3:~~r<200&&(r=200),s.height=r):\"link\"===t.message&&(r=new URL(s.getAttribute(\"src\")),n=new URL(t.value),c.test(n.protocol))&&n.host===r.host&&l.activeElement===s&&(d.top.location.href=t.value))}},d.addEventListener(\"message\",d.wp.receiveEmbedMessage,!1),l.addEventListener(\"DOMContentLoaded\",function(){for(var e,t,s=l.querySelectorAll(\"iframe.wp-embedded-content\"),r=0;r<s.length;r++)(t=(e=s[r]).getAttribute(\"data-secret\"))||(t=Math.random().toString(36).substring(2,12),e.src+=\"#?secret=\"+t,e.setAttribute(\"data-secret\",t)),e.contentWindow.postMessage({message:\"ready\",secret:t},\"*\")},!1)))}(window,document);\n<\/script>\n","thumbnail_url":"https:\/\/orthodoxia.be\/wp-content\/uploads\/2025\/12\/1000060787.jpg","thumbnail_width":900,"thumbnail_height":1600,"description":"C\u2019est avec une grande joie et solennit\u00e9 que la Paroisse Orthodoxe de l\u2019Ap\u00f4tre Saint Andr\u00e9 le Premier-appel\u00e9 de Gand, en Belgique, a c\u00e9l\u00e9br\u00e9 la f\u00eate de son saint patron le dimanche 30 novembre. Sous la direction de son fondateur, l\u2019Archipr\u00eatre Ignace Peckstadt, cette paroisse fut la premi\u00e8re \u00e0 utiliser la langue locale, le n\u00e9erlandais, dans &hellip; Continued"}