{"id":10609,"date":"2018-06-01T16:05:29","date_gmt":"2018-06-01T14:05:29","guid":{"rendered":"http:\/\/orthodoxia.be\/?post_type=eventer&#038;p=10609"},"modified":"2018-06-01T16:06:51","modified_gmt":"2018-06-01T14:06:51","slug":"fete-paroissiale-saint-paisios-lathonite","status":"publish","type":"eventer","link":"https:\/\/orthodoxia.be\/fr\/eventer\/fete-paroissiale-saint-paisios-lathonite\/","title":{"rendered":"FETE PAROISSIALE SAINT PAISIOS L\u2019ATHONITE"},"content":{"rendered":"<div class=\"page\" title=\"Page 1\">\n<div class=\"layoutArea\">\n<div class=\"column\">\n<p><span>Le Samedi 14 Juillet 2018, de 9h00 \u00e0 12h00, notre communaut\u00e9 orthodoxe a le plaisir de vous inviter \u00e0 f\u00eater Saint Pa\u00efsios au cours de la Divine Liturgie pr\u00e9sid\u00e9e par Son Eminence le M\u00e9tropolite Ath\u00e9nagoras de Belgique.<\/span><\/p>\n<p><span>Le partage des Agapes cl\u00f4turera notre f\u00eate.<\/span><\/p>\n<p>&nbsp;<\/p>\n<p><span>Acc\u00e8s :<br \/>\n<strong>En bus<\/strong>: TEC 57, 127 &amp; 366, <\/span><span>arr\u00eat Route d\u2019Ohain<br \/>\n<\/span><span><strong>En train<\/strong> : Arr\u00eat Genval<br \/>\n<strong>En voiture<\/strong> : RO &#8211; Ch\u00e9e de la Hulpe- Ch\u00e9e de Bruxelles, passer le Ch\u00e2teau de la Hulpe, au 2<\/span><span>\u00e8me <\/span><span>feu \u00e0 droite, directement sur la rue Colonel Montegnie,<\/span><span>aller jusqu\u2019au bout et vous arrivez Chemin du Gros Tienne. L\u2019\u00e9glise se<\/span><span>trouve \u00e0 gauche.<\/span><\/p>\n<p>&nbsp;<\/p>\n<p><span>Edit. Resp : P\u00e8re Evangelos Psallas 0473\/328884<\/span><\/p>\n<p><img loading=\"lazy\" decoding=\"async\" src=\"http:\/\/orthodoxia.be\/wp-content\/uploads\/2018\/06\/bleuvertecriture-rouge.jpg\" alt=\"\" width=\"841\" height=\"595\" class=\"alignnone size-full wp-image-10601\" srcset=\"https:\/\/orthodoxia.be\/wp-content\/uploads\/2018\/06\/bleuvertecriture-rouge.jpg 841w, https:\/\/orthodoxia.be\/wp-content\/uploads\/2018\/06\/bleuvertecriture-rouge-300x212.jpg 300w, https:\/\/orthodoxia.be\/wp-content\/uploads\/2018\/06\/bleuvertecriture-rouge-768x543.jpg 768w\" sizes=\"auto, (max-width: 841px) 100vw, 841px\" \/><\/p>\n<\/div>\n<\/div>\n<\/div>\n","protected":false},"excerpt":{"rendered":"<p>Le Samedi 14 Juillet 2018, de 9h00 \u00e0 12h00, notre communaut\u00e9 orthodoxe a le plaisir de vous inviter \u00e0 f\u00eater Saint Pa\u00efsios au cours de la Divine Liturgie pr\u00e9sid\u00e9e par Son Eminence le M\u00e9tropolite Ath\u00e9nagoras de Belgique. Le partage des Agapes cl\u00f4turera notre f\u00eate. &nbsp; Acc\u00e8s : En bus: TEC 57, 127 &amp; 366, arr\u00eat &hellip; <a href=\"https:\/\/orthodoxia.be\/fr\/eventer\/fete-paroissiale-saint-paisios-lathonite\/\">Continued<\/a><\/p>\n","protected":false},"author":2,"featured_media":5325,"comment_status":"closed","ping_status":"closed","template":"","eventer-category":[],"eventer-tag":[],"eventer-venue":[323],"eventer-organizer":[],"class_list":{"0":"post-10609","2":"type-eventer","3":"status-publish","4":"has-post-thumbnail","5":"hentry","6":"eventer-venue-chemin-du-gros-tienne-55-1380-ohain-lasne-fr"},"acf":[],"eventer_organizer":[],"eventer_venue":{"term":"Chemin du Gros Tienne 55 1380 Ohain (Lasne)"},"yoast_head":"<!-- This site is optimized with the Yoast SEO plugin v24.3 - https:\/\/yoast.com\/wordpress\/plugins\/seo\/ -->\n<title>FETE PAROISSIALE SAINT PAISIOS L\u2019ATHONITE - Archev\u00each\u00e9 Orthodoxe de Belgique<\/title>\n<meta name=\"robots\" content=\"index, follow, max-snippet:-1, max-image-preview:large, max-video-preview:-1\" \/>\n<link rel=\"canonical\" href=\"https:\/\/orthodoxia.be\/eventer\/\u03c0\u03b1\u03bd\u03ae\u03b3\u03c5\u03c1\u03b9\u03c2-\u03b1\u03b3-\u03c0\u03b1\u03ca\u03c3\u03af\u03bf\u03c5\/\" \/>\n<meta property=\"og:locale\" content=\"fr_FR\" \/>\n<meta property=\"og:type\" content=\"article\" \/>\n<meta property=\"og:title\" content=\"FETE PAROISSIALE SAINT PAISIOS L\u2019ATHONITE - Archev\u00each\u00e9 Orthodoxe de Belgique\" \/>\n<meta property=\"og:description\" content=\"Le Samedi 14 Juillet 2018, de 9h00 \u00e0 12h00, notre communaut\u00e9 orthodoxe a le plaisir de vous inviter \u00e0 f\u00eater Saint Pa\u00efsios au cours de la Divine Liturgie pr\u00e9sid\u00e9e par Son Eminence le M\u00e9tropolite Ath\u00e9nagoras de Belgique. Le partage des Agapes cl\u00f4turera notre f\u00eate. &nbsp; Acc\u00e8s : En bus: TEC 57, 127 &amp; 366, arr\u00eat &hellip; Continued\" \/>\n<meta property=\"og:url\" content=\"https:\/\/orthodoxia.be\/eventer\/\u03c0\u03b1\u03bd\u03ae\u03b3\u03c5\u03c1\u03b9\u03c2-\u03b1\u03b3-\u03c0\u03b1\u03ca\u03c3\u03af\u03bf\u03c5\/\" \/>\n<meta property=\"og:site_name\" content=\"Archev\u00each\u00e9 Orthodoxe de Belgique\" \/>\n<meta property=\"article:publisher\" content=\"https:\/\/www.facebook.com\/orthobel\" \/>\n<meta property=\"article:modified_time\" content=\"2018-06-01T14:06:51+00:00\" \/>\n<meta property=\"og:image\" content=\"https:\/\/orthodoxia.be\/wp-content\/uploads\/2018\/02\/37406363472_c81a886550_k.jpg\" \/>\n\t<meta property=\"og:image:width\" content=\"2048\" \/>\n\t<meta property=\"og:image:height\" content=\"1367\" \/>\n\t<meta property=\"og:image:type\" content=\"image\/jpeg\" \/>\n<meta name=\"twitter:card\" content=\"summary_large_image\" \/>\n<meta name=\"twitter:site\" content=\"@orthobel\" \/>\n<meta name=\"twitter:label1\" content=\"Dur\u00e9e de lecture est.\" \/>\n\t<meta name=\"twitter:data1\" content=\"1 minute\" \/>\n<script type=\"application\/ld+json\" class=\"yoast-schema-graph\">{\"@context\":\"https:\/\/schema.org\",\"@graph\":[{\"@type\":\"WebPage\",\"@id\":\"https:\/\/orthodoxia.be\/eventer\/%cf%80%ce%b1%ce%bd%ce%ae%ce%b3%cf%85%cf%81%ce%b9%cf%82-%ce%b1%ce%b3-%cf%80%ce%b1%cf%8a%cf%83%ce%af%ce%bf%cf%85\/\",\"url\":\"https:\/\/orthodoxia.be\/eventer\/%cf%80%ce%b1%ce%bd%ce%ae%ce%b3%cf%85%cf%81%ce%b9%cf%82-%ce%b1%ce%b3-%cf%80%ce%b1%cf%8a%cf%83%ce%af%ce%bf%cf%85\/\",\"name\":\"FETE PAROISSIALE SAINT PAISIOS L\u2019ATHONITE - Archev\u00each\u00e9 Orthodoxe de Belgique\",\"isPartOf\":{\"@id\":\"https:\/\/orthodoxia.be\/#website\"},\"primaryImageOfPage\":{\"@id\":\"https:\/\/orthodoxia.be\/eventer\/%cf%80%ce%b1%ce%bd%ce%ae%ce%b3%cf%85%cf%81%ce%b9%cf%82-%ce%b1%ce%b3-%cf%80%ce%b1%cf%8a%cf%83%ce%af%ce%bf%cf%85\/#primaryimage\"},\"image\":{\"@id\":\"https:\/\/orthodoxia.be\/eventer\/%cf%80%ce%b1%ce%bd%ce%ae%ce%b3%cf%85%cf%81%ce%b9%cf%82-%ce%b1%ce%b3-%cf%80%ce%b1%cf%8a%cf%83%ce%af%ce%bf%cf%85\/#primaryimage\"},\"thumbnailUrl\":\"https:\/\/orthodoxia.be\/wp-content\/uploads\/2018\/02\/37406363472_c81a886550_k.jpg\",\"datePublished\":\"2018-06-01T14:05:29+00:00\",\"dateModified\":\"2018-06-01T14:06:51+00:00\",\"breadcrumb\":{\"@id\":\"https:\/\/orthodoxia.be\/eventer\/%cf%80%ce%b1%ce%bd%ce%ae%ce%b3%cf%85%cf%81%ce%b9%cf%82-%ce%b1%ce%b3-%cf%80%ce%b1%cf%8a%cf%83%ce%af%ce%bf%cf%85\/#breadcrumb\"},\"inLanguage\":\"fr-BE\",\"potentialAction\":[{\"@type\":\"ReadAction\",\"target\":[\"https:\/\/orthodoxia.be\/eventer\/%cf%80%ce%b1%ce%bd%ce%ae%ce%b3%cf%85%cf%81%ce%b9%cf%82-%ce%b1%ce%b3-%cf%80%ce%b1%cf%8a%cf%83%ce%af%ce%bf%cf%85\/\"]}]},{\"@type\":\"ImageObject\",\"inLanguage\":\"fr-BE\",\"@id\":\"https:\/\/orthodoxia.be\/eventer\/%cf%80%ce%b1%ce%bd%ce%ae%ce%b3%cf%85%cf%81%ce%b9%cf%82-%ce%b1%ce%b3-%cf%80%ce%b1%cf%8a%cf%83%ce%af%ce%bf%cf%85\/#primaryimage\",\"url\":\"https:\/\/orthodoxia.be\/wp-content\/uploads\/2018\/02\/37406363472_c81a886550_k.jpg\",\"contentUrl\":\"https:\/\/orthodoxia.be\/wp-content\/uploads\/2018\/02\/37406363472_c81a886550_k.jpg\",\"width\":2048,\"height\":1367},{\"@type\":\"BreadcrumbList\",\"@id\":\"https:\/\/orthodoxia.be\/eventer\/%cf%80%ce%b1%ce%bd%ce%ae%ce%b3%cf%85%cf%81%ce%b9%cf%82-%ce%b1%ce%b3-%cf%80%ce%b1%cf%8a%cf%83%ce%af%ce%bf%cf%85\/#breadcrumb\",\"itemListElement\":[{\"@type\":\"ListItem\",\"position\":1,\"name\":\"Home\",\"item\":\"https:\/\/orthodoxia.be\/fr\/\"},{\"@type\":\"ListItem\",\"position\":2,\"name\":\"Eventer\",\"item\":\"https:\/\/orthodoxia.be\/fr\/eventer\/\"},{\"@type\":\"ListItem\",\"position\":3,\"name\":\"FETE PAROISSIALE SAINT PAISIOS L\u2019ATHONITE\"}]},{\"@type\":\"WebSite\",\"@id\":\"https:\/\/orthodoxia.be\/#website\",\"url\":\"https:\/\/orthodoxia.be\/\",\"name\":\"Orthodox Archdiocese of Belgium (Benelux)\",\"description\":\"Exarque des Pays-Bas et du Luxembourg\",\"publisher\":{\"@id\":\"https:\/\/orthodoxia.be\/#organization\"},\"alternateName\":\"IMB\",\"potentialAction\":[{\"@type\":\"SearchAction\",\"target\":{\"@type\":\"EntryPoint\",\"urlTemplate\":\"https:\/\/orthodoxia.be\/?s={search_term_string}\"},\"query-input\":{\"@type\":\"PropertyValueSpecification\",\"valueRequired\":true,\"valueName\":\"search_term_string\"}}],\"inLanguage\":\"fr-BE\"},{\"@type\":\"Organization\",\"@id\":\"https:\/\/orthodoxia.be\/#organization\",\"name\":\"Orthodox Archdiocese of Belgium (Benelux)\",\"url\":\"https:\/\/orthodoxia.be\/\",\"logo\":{\"@type\":\"ImageObject\",\"inLanguage\":\"fr-BE\",\"@id\":\"https:\/\/orthodoxia.be\/#\/schema\/logo\/image\/\",\"url\":\"https:\/\/orthodoxia.be\/wp-content\/uploads\/2024\/02\/cropped-IMB-logo-512-cl-1.png\",\"contentUrl\":\"https:\/\/orthodoxia.be\/wp-content\/uploads\/2024\/02\/cropped-IMB-logo-512-cl-1.png\",\"width\":512,\"height\":512,\"caption\":\"Orthodox Archdiocese of Belgium (Benelux)\"},\"image\":{\"@id\":\"https:\/\/orthodoxia.be\/#\/schema\/logo\/image\/\"},\"sameAs\":[\"https:\/\/www.facebook.com\/orthobel\",\"https:\/\/x.com\/orthobel\",\"https:\/\/www.youtube.com\/c\/orthobel\",\"https:\/\/www.mixcloud.com\/orthobel\/\",\"https:\/\/www.flickr.com\/photos\/148264890@N07\/albums\",\"https:\/\/www.dailymotion.com\/Orthobel\"]}]}<\/script>\n<!-- \/ Yoast SEO plugin. -->","yoast_head_json":{"title":"FETE PAROISSIALE SAINT PAISIOS L\u2019ATHONITE - Archev\u00each\u00e9 Orthodoxe de Belgique","robots":{"index":"index","follow":"follow","max-snippet":"max-snippet:-1","max-image-preview":"max-image-preview:large","max-video-preview":"max-video-preview:-1"},"canonical":"https:\/\/orthodoxia.be\/eventer\/\u03c0\u03b1\u03bd\u03ae\u03b3\u03c5\u03c1\u03b9\u03c2-\u03b1\u03b3-\u03c0\u03b1\u03ca\u03c3\u03af\u03bf\u03c5\/","og_locale":"fr_FR","og_type":"article","og_title":"FETE PAROISSIALE SAINT PAISIOS L\u2019ATHONITE - Archev\u00each\u00e9 Orthodoxe de Belgique","og_description":"Le Samedi 14 Juillet 2018, de 9h00 \u00e0 12h00, notre communaut\u00e9 orthodoxe a le plaisir de vous inviter \u00e0 f\u00eater Saint Pa\u00efsios au cours de la Divine Liturgie pr\u00e9sid\u00e9e par Son Eminence le M\u00e9tropolite Ath\u00e9nagoras de Belgique. Le partage des Agapes cl\u00f4turera notre f\u00eate. &nbsp; Acc\u00e8s : En bus: TEC 57, 127 &amp; 366, arr\u00eat &hellip; Continued","og_url":"https:\/\/orthodoxia.be\/eventer\/\u03c0\u03b1\u03bd\u03ae\u03b3\u03c5\u03c1\u03b9\u03c2-\u03b1\u03b3-\u03c0\u03b1\u03ca\u03c3\u03af\u03bf\u03c5\/","og_site_name":"Archev\u00each\u00e9 Orthodoxe de Belgique","article_publisher":"https:\/\/www.facebook.com\/orthobel","article_modified_time":"2018-06-01T14:06:51+00:00","og_image":[{"width":2048,"height":1367,"url":"https:\/\/orthodoxia.be\/wp-content\/uploads\/2018\/02\/37406363472_c81a886550_k.jpg","type":"image\/jpeg"}],"twitter_card":"summary_large_image","twitter_site":"@orthobel","twitter_misc":{"Dur\u00e9e de lecture est.":"1 minute"},"schema":{"@context":"https:\/\/schema.org","@graph":[{"@type":"WebPage","@id":"https:\/\/orthodoxia.be\/eventer\/%cf%80%ce%b1%ce%bd%ce%ae%ce%b3%cf%85%cf%81%ce%b9%cf%82-%ce%b1%ce%b3-%cf%80%ce%b1%cf%8a%cf%83%ce%af%ce%bf%cf%85\/","url":"https:\/\/orthodoxia.be\/eventer\/%cf%80%ce%b1%ce%bd%ce%ae%ce%b3%cf%85%cf%81%ce%b9%cf%82-%ce%b1%ce%b3-%cf%80%ce%b1%cf%8a%cf%83%ce%af%ce%bf%cf%85\/","name":"FETE PAROISSIALE SAINT PAISIOS L\u2019ATHONITE - Archev\u00each\u00e9 Orthodoxe de Belgique","isPartOf":{"@id":"https:\/\/orthodoxia.be\/#website"},"primaryImageOfPage":{"@id":"https:\/\/orthodoxia.be\/eventer\/%cf%80%ce%b1%ce%bd%ce%ae%ce%b3%cf%85%cf%81%ce%b9%cf%82-%ce%b1%ce%b3-%cf%80%ce%b1%cf%8a%cf%83%ce%af%ce%bf%cf%85\/#primaryimage"},"image":{"@id":"https:\/\/orthodoxia.be\/eventer\/%cf%80%ce%b1%ce%bd%ce%ae%ce%b3%cf%85%cf%81%ce%b9%cf%82-%ce%b1%ce%b3-%cf%80%ce%b1%cf%8a%cf%83%ce%af%ce%bf%cf%85\/#primaryimage"},"thumbnailUrl":"https:\/\/orthodoxia.be\/wp-content\/uploads\/2018\/02\/37406363472_c81a886550_k.jpg","datePublished":"2018-06-01T14:05:29+00:00","dateModified":"2018-06-01T14:06:51+00:00","breadcrumb":{"@id":"https:\/\/orthodoxia.be\/eventer\/%cf%80%ce%b1%ce%bd%ce%ae%ce%b3%cf%85%cf%81%ce%b9%cf%82-%ce%b1%ce%b3-%cf%80%ce%b1%cf%8a%cf%83%ce%af%ce%bf%cf%85\/#breadcrumb"},"inLanguage":"fr-BE","potentialAction":[{"@type":"ReadAction","target":["https:\/\/orthodoxia.be\/eventer\/%cf%80%ce%b1%ce%bd%ce%ae%ce%b3%cf%85%cf%81%ce%b9%cf%82-%ce%b1%ce%b3-%cf%80%ce%b1%cf%8a%cf%83%ce%af%ce%bf%cf%85\/"]}]},{"@type":"ImageObject","inLanguage":"fr-BE","@id":"https:\/\/orthodoxia.be\/eventer\/%cf%80%ce%b1%ce%bd%ce%ae%ce%b3%cf%85%cf%81%ce%b9%cf%82-%ce%b1%ce%b3-%cf%80%ce%b1%cf%8a%cf%83%ce%af%ce%bf%cf%85\/#primaryimage","url":"https:\/\/orthodoxia.be\/wp-content\/uploads\/2018\/02\/37406363472_c81a886550_k.jpg","contentUrl":"https:\/\/orthodoxia.be\/wp-content\/uploads\/2018\/02\/37406363472_c81a886550_k.jpg","width":2048,"height":1367},{"@type":"BreadcrumbList","@id":"https:\/\/orthodoxia.be\/eventer\/%cf%80%ce%b1%ce%bd%ce%ae%ce%b3%cf%85%cf%81%ce%b9%cf%82-%ce%b1%ce%b3-%cf%80%ce%b1%cf%8a%cf%83%ce%af%ce%bf%cf%85\/#breadcrumb","itemListElement":[{"@type":"ListItem","position":1,"name":"Home","item":"https:\/\/orthodoxia.be\/fr\/"},{"@type":"ListItem","position":2,"name":"Eventer","item":"https:\/\/orthodoxia.be\/fr\/eventer\/"},{"@type":"ListItem","position":3,"name":"FETE PAROISSIALE SAINT PAISIOS L\u2019ATHONITE"}]},{"@type":"WebSite","@id":"https:\/\/orthodoxia.be\/#website","url":"https:\/\/orthodoxia.be\/","name":"Orthodox Archdiocese of Belgium (Benelux)","description":"Exarque des Pays-Bas et du Luxembourg","publisher":{"@id":"https:\/\/orthodoxia.be\/#organization"},"alternateName":"IMB","potentialAction":[{"@type":"SearchAction","target":{"@type":"EntryPoint","urlTemplate":"https:\/\/orthodoxia.be\/?s={search_term_string}"},"query-input":{"@type":"PropertyValueSpecification","valueRequired":true,"valueName":"search_term_string"}}],"inLanguage":"fr-BE"},{"@type":"Organization","@id":"https:\/\/orthodoxia.be\/#organization","name":"Orthodox Archdiocese of Belgium (Benelux)","url":"https:\/\/orthodoxia.be\/","logo":{"@type":"ImageObject","inLanguage":"fr-BE","@id":"https:\/\/orthodoxia.be\/#\/schema\/logo\/image\/","url":"https:\/\/orthodoxia.be\/wp-content\/uploads\/2024\/02\/cropped-IMB-logo-512-cl-1.png","contentUrl":"https:\/\/orthodoxia.be\/wp-content\/uploads\/2024\/02\/cropped-IMB-logo-512-cl-1.png","width":512,"height":512,"caption":"Orthodox Archdiocese of Belgium (Benelux)"},"image":{"@id":"https:\/\/orthodoxia.be\/#\/schema\/logo\/image\/"},"sameAs":["https:\/\/www.facebook.com\/orthobel","https:\/\/x.com\/orthobel","https:\/\/www.youtube.com\/c\/orthobel","https:\/\/www.mixcloud.com\/orthobel\/","https:\/\/www.flickr.com\/photos\/148264890@N07\/albums","https:\/\/www.dailymotion.com\/Orthobel"]}]}},"_links":{"self":[{"href":"https:\/\/orthodoxia.be\/fr\/wp-json\/wp\/v2\/eventer\/10609","targetHints":{"allow":["GET"]}}],"collection":[{"href":"https:\/\/orthodoxia.be\/fr\/wp-json\/wp\/v2\/eventer"}],"about":[{"href":"https:\/\/orthodoxia.be\/fr\/wp-json\/wp\/v2\/types\/eventer"}],"author":[{"embeddable":true,"href":"https:\/\/orthodoxia.be\/fr\/wp-json\/wp\/v2\/users\/2"}],"replies":[{"embeddable":true,"href":"https:\/\/orthodoxia.be\/fr\/wp-json\/wp\/v2\/comments?post=10609"}],"wp:featuredmedia":[{"embeddable":true,"href":"https:\/\/orthodoxia.be\/fr\/wp-json\/wp\/v2\/media\/5325"}],"wp:attachment":[{"href":"https:\/\/orthodoxia.be\/fr\/wp-json\/wp\/v2\/media?parent=10609"}],"wp:term":[{"taxonomy":"eventer-category","embeddable":true,"href":"https:\/\/orthodoxia.be\/fr\/wp-json\/wp\/v2\/eventer-category?post=10609"},{"taxonomy":"eventer-tag","embeddable":true,"href":"https:\/\/orthodoxia.be\/fr\/wp-json\/wp\/v2\/eventer-tag?post=10609"},{"taxonomy":"eventer-venue","embeddable":true,"href":"https:\/\/orthodoxia.be\/fr\/wp-json\/wp\/v2\/eventer-venue?post=10609"},{"taxonomy":"eventer-organizer","embeddable":true,"href":"https:\/\/orthodoxia.be\/fr\/wp-json\/wp\/v2\/eventer-organizer?post=10609"}],"curies":[{"name":"wp","href":"https:\/\/api.w.org\/{rel}","templated":true}]}}