{"id":13343,"date":"2018-10-16T16:43:09","date_gmt":"2018-10-16T14:43:09","guid":{"rendered":"http:\/\/orthodoxia.be\/?post_type=eventer&#038;p=13343"},"modified":"2018-10-23T14:55:49","modified_gmt":"2018-10-23T12:55:49","slug":"la-sainte-trinite-prefiguration-de-notre-combat-ascetique-hieromoine-nicolas-sakharov","status":"publish","type":"eventer","link":"https:\/\/orthodoxia.be\/fr\/eventer\/la-sainte-trinite-prefiguration-de-notre-combat-ascetique-hieromoine-nicolas-sakharov\/","title":{"rendered":"La Sainte Trinit\u00e9, pr\u00e9figuration de notre combat asc\u00e9tique \u2013 hi\u00e9romoine Nicolas Sakharov"},"content":{"rendered":"<h2 style=\"text-align: center;\"><strong>INVITATION<\/strong><\/h2>\n<p style=\"text-align: justify;\">Le Cycle de conf\u00e9rences \u00abOrthodox Logos\u00bb de l\u2019Archev\u00each\u00e9 de Belgique, a l\u2019honneur de vous inviter \u00e0 la Conf\u00e9rence de l\u2019hi\u00e9romoine Nicolas Sakharov, jeudi 25 octobre 2018 \u00e0 19h30, en la salle des Conf\u00e9rences du Couvent des Dominicains de Bruxelles (Avenue Renaissance, 40 &#8211; 1000 Bruxelles &#8211; M\u00e9tro Schuman).<\/p>\n<p style=\"text-align: justify;\">Le conf\u00e9rencier, l\u2019hi\u00e9romoine Nicolas Sakharov, de la communaut\u00e9 monastique de Saint Jean le Prodrome en Essex, nous d\u00e9veloppera sa Conf\u00e9rence: \u00abLa Sainte Trinit\u00e9, pr\u00e9figuration de notre combat asc\u00e9tique\u00bb, une pr\u00e9sentation de la tradition monastique orthodoxe.<\/p>\n<p>La Conf\u00e9rence se d\u00e9roulera en anglais.<\/p>\n<p style=\"text-align: right;\">Entr\u00e9e libre<\/p>\n","protected":false},"excerpt":{"rendered":"<p>INVITATION Le Cycle de conf\u00e9rences \u00abOrthodox Logos\u00bb de l\u2019Archev\u00each\u00e9 de Belgique, a l\u2019honneur de vous inviter \u00e0 la Conf\u00e9rence de l\u2019hi\u00e9romoine Nicolas Sakharov, jeudi 25 octobre 2018 \u00e0 19h30, en la salle des Conf\u00e9rences du Couvent des Dominicains de Bruxelles (Avenue Renaissance, 40 &#8211; 1000 Bruxelles &#8211; M\u00e9tro Schuman). Le conf\u00e9rencier, l\u2019hi\u00e9romoine Nicolas Sakharov, de &hellip; <a href=\"https:\/\/orthodoxia.be\/fr\/eventer\/la-sainte-trinite-prefiguration-de-notre-combat-ascetique-hieromoine-nicolas-sakharov\/\">Continued<\/a><\/p>\n","protected":false},"author":2,"featured_media":13297,"comment_status":"closed","ping_status":"closed","template":"","eventer-category":[327],"eventer-tag":[],"eventer-venue":[321],"eventer-organizer":[329],"class_list":{"0":"post-13343","2":"type-eventer","3":"status-publish","4":"has-post-thumbnail","5":"hentry","6":"eventer-category---fr","7":"eventer-venue-du-couvent-des-dominicains","8":"eventer-organizer---fr"},"acf":[],"eventer_organizer":{"term":"\u0391\u03c1\u03c7\u03b9\u03b4\u03b9\u03ac\u03ba\u03bf\u03bd\u03bf\u03c2 \u03a6\u03b9\u03bb\u03ac\u03b4\u03b5\u03bb\u03c6\u03bf\u03c2 \u039a\u03b1\u03c6\u03b1\u03bb\u03ae\u03c2"},"eventer_venue":{"term":"salle des Conf\u00e9rences du Couvent des Dominicains de Bruxelles"},"yoast_head":"<!-- This site is optimized with the Yoast SEO plugin v24.3 - https:\/\/yoast.com\/wordpress\/plugins\/seo\/ -->\n<title>La Sainte Trinit\u00e9, pr\u00e9figuration de notre combat asc\u00e9tique \u2013 hi\u00e9romoine Nicolas Sakharov - Archev\u00each\u00e9 Orthodoxe de Belgique<\/title>\n<meta name=\"robots\" content=\"index, follow, max-snippet:-1, max-image-preview:large, max-video-preview:-1\" \/>\n<link rel=\"canonical\" href=\"https:\/\/orthodoxia.be\/eventer\/\u03b7-\u03b1\u03b3\u03af\u03b1-\u03c4\u03c1\u03b9\u03ac\u03b4\u03b1-\u03c0\u03c1\u03bf\u03c4\u03cd\u03c0\u03c9\u03c3\u03b7-\u03c4\u03bf\u03c5-\u03b4\u03b9\u03ba\u03bf\u03cd-\u03bc\u03b1\u03c2-\u03b1\/\" \/>\n<meta property=\"og:locale\" content=\"fr_FR\" \/>\n<meta property=\"og:type\" content=\"article\" \/>\n<meta property=\"og:title\" content=\"La Sainte Trinit\u00e9, pr\u00e9figuration de notre combat asc\u00e9tique \u2013 hi\u00e9romoine Nicolas Sakharov - Archev\u00each\u00e9 Orthodoxe de Belgique\" \/>\n<meta property=\"og:description\" content=\"INVITATION Le Cycle de conf\u00e9rences \u00abOrthodox Logos\u00bb de l\u2019Archev\u00each\u00e9 de Belgique, a l\u2019honneur de vous inviter \u00e0 la Conf\u00e9rence de l\u2019hi\u00e9romoine Nicolas Sakharov, jeudi 25 octobre 2018 \u00e0 19h30, en la salle des Conf\u00e9rences du Couvent des Dominicains de Bruxelles (Avenue Renaissance, 40 &#8211; 1000 Bruxelles &#8211; M\u00e9tro Schuman). Le conf\u00e9rencier, l\u2019hi\u00e9romoine Nicolas Sakharov, de &hellip; Continued\" \/>\n<meta property=\"og:url\" content=\"https:\/\/orthodoxia.be\/eventer\/\u03b7-\u03b1\u03b3\u03af\u03b1-\u03c4\u03c1\u03b9\u03ac\u03b4\u03b1-\u03c0\u03c1\u03bf\u03c4\u03cd\u03c0\u03c9\u03c3\u03b7-\u03c4\u03bf\u03c5-\u03b4\u03b9\u03ba\u03bf\u03cd-\u03bc\u03b1\u03c2-\u03b1\/\" \/>\n<meta property=\"og:site_name\" content=\"Archev\u00each\u00e9 Orthodoxe de Belgique\" \/>\n<meta property=\"article:publisher\" content=\"https:\/\/www.facebook.com\/orthobel\" \/>\n<meta property=\"article:modified_time\" content=\"2018-10-23T12:55:49+00:00\" \/>\n<meta property=\"og:image\" content=\"https:\/\/orthodoxia.be\/wp-content\/uploads\/2018\/10\/La-Trinit\u00e9-est-notre-programme-asc\u00e9tique-FR_V2.jpg\" \/>\n\t<meta property=\"og:image:width\" content=\"842\" \/>\n\t<meta property=\"og:image:height\" content=\"1191\" \/>\n\t<meta property=\"og:image:type\" content=\"image\/jpeg\" \/>\n<meta name=\"twitter:card\" content=\"summary_large_image\" \/>\n<meta name=\"twitter:site\" content=\"@orthobel\" \/>\n<meta name=\"twitter:label1\" content=\"Dur\u00e9e de lecture est.\" \/>\n\t<meta name=\"twitter:data1\" content=\"1 minute\" \/>\n<script type=\"application\/ld+json\" class=\"yoast-schema-graph\">{\"@context\":\"https:\/\/schema.org\",\"@graph\":[{\"@type\":\"WebPage\",\"@id\":\"https:\/\/orthodoxia.be\/eventer\/%ce%b7-%ce%b1%ce%b3%ce%af%ce%b1-%cf%84%cf%81%ce%b9%ce%ac%ce%b4%ce%b1-%cf%80%cf%81%ce%bf%cf%84%cf%8d%cf%80%cf%89%cf%83%ce%b7-%cf%84%ce%bf%cf%85-%ce%b4%ce%b9%ce%ba%ce%bf%cf%8d-%ce%bc%ce%b1%cf%82-%ce%b1\/\",\"url\":\"https:\/\/orthodoxia.be\/eventer\/%ce%b7-%ce%b1%ce%b3%ce%af%ce%b1-%cf%84%cf%81%ce%b9%ce%ac%ce%b4%ce%b1-%cf%80%cf%81%ce%bf%cf%84%cf%8d%cf%80%cf%89%cf%83%ce%b7-%cf%84%ce%bf%cf%85-%ce%b4%ce%b9%ce%ba%ce%bf%cf%8d-%ce%bc%ce%b1%cf%82-%ce%b1\/\",\"name\":\"La Sainte Trinit\u00e9, pr\u00e9figuration de notre combat asc\u00e9tique \u2013 hi\u00e9romoine Nicolas Sakharov - Archev\u00each\u00e9 Orthodoxe de Belgique\",\"isPartOf\":{\"@id\":\"https:\/\/orthodoxia.be\/#website\"},\"primaryImageOfPage\":{\"@id\":\"https:\/\/orthodoxia.be\/eventer\/%ce%b7-%ce%b1%ce%b3%ce%af%ce%b1-%cf%84%cf%81%ce%b9%ce%ac%ce%b4%ce%b1-%cf%80%cf%81%ce%bf%cf%84%cf%8d%cf%80%cf%89%cf%83%ce%b7-%cf%84%ce%bf%cf%85-%ce%b4%ce%b9%ce%ba%ce%bf%cf%8d-%ce%bc%ce%b1%cf%82-%ce%b1\/#primaryimage\"},\"image\":{\"@id\":\"https:\/\/orthodoxia.be\/eventer\/%ce%b7-%ce%b1%ce%b3%ce%af%ce%b1-%cf%84%cf%81%ce%b9%ce%ac%ce%b4%ce%b1-%cf%80%cf%81%ce%bf%cf%84%cf%8d%cf%80%cf%89%cf%83%ce%b7-%cf%84%ce%bf%cf%85-%ce%b4%ce%b9%ce%ba%ce%bf%cf%8d-%ce%bc%ce%b1%cf%82-%ce%b1\/#primaryimage\"},\"thumbnailUrl\":\"https:\/\/orthodoxia.be\/wp-content\/uploads\/2018\/10\/La-Trinit\u00e9-est-notre-programme-asc\u00e9tique-FR_V2.jpg\",\"datePublished\":\"2018-10-16T14:43:09+00:00\",\"dateModified\":\"2018-10-23T12:55:49+00:00\",\"breadcrumb\":{\"@id\":\"https:\/\/orthodoxia.be\/eventer\/%ce%b7-%ce%b1%ce%b3%ce%af%ce%b1-%cf%84%cf%81%ce%b9%ce%ac%ce%b4%ce%b1-%cf%80%cf%81%ce%bf%cf%84%cf%8d%cf%80%cf%89%cf%83%ce%b7-%cf%84%ce%bf%cf%85-%ce%b4%ce%b9%ce%ba%ce%bf%cf%8d-%ce%bc%ce%b1%cf%82-%ce%b1\/#breadcrumb\"},\"inLanguage\":\"fr-BE\",\"potentialAction\":[{\"@type\":\"ReadAction\",\"target\":[\"https:\/\/orthodoxia.be\/eventer\/%ce%b7-%ce%b1%ce%b3%ce%af%ce%b1-%cf%84%cf%81%ce%b9%ce%ac%ce%b4%ce%b1-%cf%80%cf%81%ce%bf%cf%84%cf%8d%cf%80%cf%89%cf%83%ce%b7-%cf%84%ce%bf%cf%85-%ce%b4%ce%b9%ce%ba%ce%bf%cf%8d-%ce%bc%ce%b1%cf%82-%ce%b1\/\"]}]},{\"@type\":\"ImageObject\",\"inLanguage\":\"fr-BE\",\"@id\":\"https:\/\/orthodoxia.be\/eventer\/%ce%b7-%ce%b1%ce%b3%ce%af%ce%b1-%cf%84%cf%81%ce%b9%ce%ac%ce%b4%ce%b1-%cf%80%cf%81%ce%bf%cf%84%cf%8d%cf%80%cf%89%cf%83%ce%b7-%cf%84%ce%bf%cf%85-%ce%b4%ce%b9%ce%ba%ce%bf%cf%8d-%ce%bc%ce%b1%cf%82-%ce%b1\/#primaryimage\",\"url\":\"https:\/\/orthodoxia.be\/wp-content\/uploads\/2018\/10\/La-Trinit\u00e9-est-notre-programme-asc\u00e9tique-FR_V2.jpg\",\"contentUrl\":\"https:\/\/orthodoxia.be\/wp-content\/uploads\/2018\/10\/La-Trinit\u00e9-est-notre-programme-asc\u00e9tique-FR_V2.jpg\",\"width\":842,\"height\":1191},{\"@type\":\"BreadcrumbList\",\"@id\":\"https:\/\/orthodoxia.be\/eventer\/%ce%b7-%ce%b1%ce%b3%ce%af%ce%b1-%cf%84%cf%81%ce%b9%ce%ac%ce%b4%ce%b1-%cf%80%cf%81%ce%bf%cf%84%cf%8d%cf%80%cf%89%cf%83%ce%b7-%cf%84%ce%bf%cf%85-%ce%b4%ce%b9%ce%ba%ce%bf%cf%8d-%ce%bc%ce%b1%cf%82-%ce%b1\/#breadcrumb\",\"itemListElement\":[{\"@type\":\"ListItem\",\"position\":1,\"name\":\"Home\",\"item\":\"https:\/\/orthodoxia.be\/fr\/\"},{\"@type\":\"ListItem\",\"position\":2,\"name\":\"Eventer\",\"item\":\"https:\/\/orthodoxia.be\/fr\/eventer\/\"},{\"@type\":\"ListItem\",\"position\":3,\"name\":\"La Sainte Trinit\u00e9, pr\u00e9figuration de notre combat asc\u00e9tique \u2013 hi\u00e9romoine Nicolas Sakharov\"}]},{\"@type\":\"WebSite\",\"@id\":\"https:\/\/orthodoxia.be\/#website\",\"url\":\"https:\/\/orthodoxia.be\/\",\"name\":\"Orthodox Archdiocese of Belgium (Benelux)\",\"description\":\"Exarque des Pays-Bas et du Luxembourg\",\"publisher\":{\"@id\":\"https:\/\/orthodoxia.be\/#organization\"},\"alternateName\":\"IMB\",\"potentialAction\":[{\"@type\":\"SearchAction\",\"target\":{\"@type\":\"EntryPoint\",\"urlTemplate\":\"https:\/\/orthodoxia.be\/?s={search_term_string}\"},\"query-input\":{\"@type\":\"PropertyValueSpecification\",\"valueRequired\":true,\"valueName\":\"search_term_string\"}}],\"inLanguage\":\"fr-BE\"},{\"@type\":\"Organization\",\"@id\":\"https:\/\/orthodoxia.be\/#organization\",\"name\":\"Orthodox Archdiocese of Belgium (Benelux)\",\"url\":\"https:\/\/orthodoxia.be\/\",\"logo\":{\"@type\":\"ImageObject\",\"inLanguage\":\"fr-BE\",\"@id\":\"https:\/\/orthodoxia.be\/#\/schema\/logo\/image\/\",\"url\":\"https:\/\/orthodoxia.be\/wp-content\/uploads\/2024\/02\/cropped-IMB-logo-512-cl-1.png\",\"contentUrl\":\"https:\/\/orthodoxia.be\/wp-content\/uploads\/2024\/02\/cropped-IMB-logo-512-cl-1.png\",\"width\":512,\"height\":512,\"caption\":\"Orthodox Archdiocese of Belgium (Benelux)\"},\"image\":{\"@id\":\"https:\/\/orthodoxia.be\/#\/schema\/logo\/image\/\"},\"sameAs\":[\"https:\/\/www.facebook.com\/orthobel\",\"https:\/\/x.com\/orthobel\",\"https:\/\/www.youtube.com\/c\/orthobel\",\"https:\/\/www.mixcloud.com\/orthobel\/\",\"https:\/\/www.flickr.com\/photos\/148264890@N07\/albums\",\"https:\/\/www.dailymotion.com\/Orthobel\"]}]}<\/script>\n<!-- \/ Yoast SEO plugin. -->","yoast_head_json":{"title":"La Sainte Trinit\u00e9, pr\u00e9figuration de notre combat asc\u00e9tique \u2013 hi\u00e9romoine Nicolas Sakharov - Archev\u00each\u00e9 Orthodoxe de Belgique","robots":{"index":"index","follow":"follow","max-snippet":"max-snippet:-1","max-image-preview":"max-image-preview:large","max-video-preview":"max-video-preview:-1"},"canonical":"https:\/\/orthodoxia.be\/eventer\/\u03b7-\u03b1\u03b3\u03af\u03b1-\u03c4\u03c1\u03b9\u03ac\u03b4\u03b1-\u03c0\u03c1\u03bf\u03c4\u03cd\u03c0\u03c9\u03c3\u03b7-\u03c4\u03bf\u03c5-\u03b4\u03b9\u03ba\u03bf\u03cd-\u03bc\u03b1\u03c2-\u03b1\/","og_locale":"fr_FR","og_type":"article","og_title":"La Sainte Trinit\u00e9, pr\u00e9figuration de notre combat asc\u00e9tique \u2013 hi\u00e9romoine Nicolas Sakharov - Archev\u00each\u00e9 Orthodoxe de Belgique","og_description":"INVITATION Le Cycle de conf\u00e9rences \u00abOrthodox Logos\u00bb de l\u2019Archev\u00each\u00e9 de Belgique, a l\u2019honneur de vous inviter \u00e0 la Conf\u00e9rence de l\u2019hi\u00e9romoine Nicolas Sakharov, jeudi 25 octobre 2018 \u00e0 19h30, en la salle des Conf\u00e9rences du Couvent des Dominicains de Bruxelles (Avenue Renaissance, 40 &#8211; 1000 Bruxelles &#8211; M\u00e9tro Schuman). Le conf\u00e9rencier, l\u2019hi\u00e9romoine Nicolas Sakharov, de &hellip; Continued","og_url":"https:\/\/orthodoxia.be\/eventer\/\u03b7-\u03b1\u03b3\u03af\u03b1-\u03c4\u03c1\u03b9\u03ac\u03b4\u03b1-\u03c0\u03c1\u03bf\u03c4\u03cd\u03c0\u03c9\u03c3\u03b7-\u03c4\u03bf\u03c5-\u03b4\u03b9\u03ba\u03bf\u03cd-\u03bc\u03b1\u03c2-\u03b1\/","og_site_name":"Archev\u00each\u00e9 Orthodoxe de Belgique","article_publisher":"https:\/\/www.facebook.com\/orthobel","article_modified_time":"2018-10-23T12:55:49+00:00","og_image":[{"width":842,"height":1191,"url":"https:\/\/orthodoxia.be\/wp-content\/uploads\/2018\/10\/La-Trinit\u00e9-est-notre-programme-asc\u00e9tique-FR_V2.jpg","type":"image\/jpeg"}],"twitter_card":"summary_large_image","twitter_site":"@orthobel","twitter_misc":{"Dur\u00e9e de lecture est.":"1 minute"},"schema":{"@context":"https:\/\/schema.org","@graph":[{"@type":"WebPage","@id":"https:\/\/orthodoxia.be\/eventer\/%ce%b7-%ce%b1%ce%b3%ce%af%ce%b1-%cf%84%cf%81%ce%b9%ce%ac%ce%b4%ce%b1-%cf%80%cf%81%ce%bf%cf%84%cf%8d%cf%80%cf%89%cf%83%ce%b7-%cf%84%ce%bf%cf%85-%ce%b4%ce%b9%ce%ba%ce%bf%cf%8d-%ce%bc%ce%b1%cf%82-%ce%b1\/","url":"https:\/\/orthodoxia.be\/eventer\/%ce%b7-%ce%b1%ce%b3%ce%af%ce%b1-%cf%84%cf%81%ce%b9%ce%ac%ce%b4%ce%b1-%cf%80%cf%81%ce%bf%cf%84%cf%8d%cf%80%cf%89%cf%83%ce%b7-%cf%84%ce%bf%cf%85-%ce%b4%ce%b9%ce%ba%ce%bf%cf%8d-%ce%bc%ce%b1%cf%82-%ce%b1\/","name":"La Sainte Trinit\u00e9, pr\u00e9figuration de notre combat asc\u00e9tique \u2013 hi\u00e9romoine Nicolas Sakharov - Archev\u00each\u00e9 Orthodoxe de Belgique","isPartOf":{"@id":"https:\/\/orthodoxia.be\/#website"},"primaryImageOfPage":{"@id":"https:\/\/orthodoxia.be\/eventer\/%ce%b7-%ce%b1%ce%b3%ce%af%ce%b1-%cf%84%cf%81%ce%b9%ce%ac%ce%b4%ce%b1-%cf%80%cf%81%ce%bf%cf%84%cf%8d%cf%80%cf%89%cf%83%ce%b7-%cf%84%ce%bf%cf%85-%ce%b4%ce%b9%ce%ba%ce%bf%cf%8d-%ce%bc%ce%b1%cf%82-%ce%b1\/#primaryimage"},"image":{"@id":"https:\/\/orthodoxia.be\/eventer\/%ce%b7-%ce%b1%ce%b3%ce%af%ce%b1-%cf%84%cf%81%ce%b9%ce%ac%ce%b4%ce%b1-%cf%80%cf%81%ce%bf%cf%84%cf%8d%cf%80%cf%89%cf%83%ce%b7-%cf%84%ce%bf%cf%85-%ce%b4%ce%b9%ce%ba%ce%bf%cf%8d-%ce%bc%ce%b1%cf%82-%ce%b1\/#primaryimage"},"thumbnailUrl":"https:\/\/orthodoxia.be\/wp-content\/uploads\/2018\/10\/La-Trinit\u00e9-est-notre-programme-asc\u00e9tique-FR_V2.jpg","datePublished":"2018-10-16T14:43:09+00:00","dateModified":"2018-10-23T12:55:49+00:00","breadcrumb":{"@id":"https:\/\/orthodoxia.be\/eventer\/%ce%b7-%ce%b1%ce%b3%ce%af%ce%b1-%cf%84%cf%81%ce%b9%ce%ac%ce%b4%ce%b1-%cf%80%cf%81%ce%bf%cf%84%cf%8d%cf%80%cf%89%cf%83%ce%b7-%cf%84%ce%bf%cf%85-%ce%b4%ce%b9%ce%ba%ce%bf%cf%8d-%ce%bc%ce%b1%cf%82-%ce%b1\/#breadcrumb"},"inLanguage":"fr-BE","potentialAction":[{"@type":"ReadAction","target":["https:\/\/orthodoxia.be\/eventer\/%ce%b7-%ce%b1%ce%b3%ce%af%ce%b1-%cf%84%cf%81%ce%b9%ce%ac%ce%b4%ce%b1-%cf%80%cf%81%ce%bf%cf%84%cf%8d%cf%80%cf%89%cf%83%ce%b7-%cf%84%ce%bf%cf%85-%ce%b4%ce%b9%ce%ba%ce%bf%cf%8d-%ce%bc%ce%b1%cf%82-%ce%b1\/"]}]},{"@type":"ImageObject","inLanguage":"fr-BE","@id":"https:\/\/orthodoxia.be\/eventer\/%ce%b7-%ce%b1%ce%b3%ce%af%ce%b1-%cf%84%cf%81%ce%b9%ce%ac%ce%b4%ce%b1-%cf%80%cf%81%ce%bf%cf%84%cf%8d%cf%80%cf%89%cf%83%ce%b7-%cf%84%ce%bf%cf%85-%ce%b4%ce%b9%ce%ba%ce%bf%cf%8d-%ce%bc%ce%b1%cf%82-%ce%b1\/#primaryimage","url":"https:\/\/orthodoxia.be\/wp-content\/uploads\/2018\/10\/La-Trinit\u00e9-est-notre-programme-asc\u00e9tique-FR_V2.jpg","contentUrl":"https:\/\/orthodoxia.be\/wp-content\/uploads\/2018\/10\/La-Trinit\u00e9-est-notre-programme-asc\u00e9tique-FR_V2.jpg","width":842,"height":1191},{"@type":"BreadcrumbList","@id":"https:\/\/orthodoxia.be\/eventer\/%ce%b7-%ce%b1%ce%b3%ce%af%ce%b1-%cf%84%cf%81%ce%b9%ce%ac%ce%b4%ce%b1-%cf%80%cf%81%ce%bf%cf%84%cf%8d%cf%80%cf%89%cf%83%ce%b7-%cf%84%ce%bf%cf%85-%ce%b4%ce%b9%ce%ba%ce%bf%cf%8d-%ce%bc%ce%b1%cf%82-%ce%b1\/#breadcrumb","itemListElement":[{"@type":"ListItem","position":1,"name":"Home","item":"https:\/\/orthodoxia.be\/fr\/"},{"@type":"ListItem","position":2,"name":"Eventer","item":"https:\/\/orthodoxia.be\/fr\/eventer\/"},{"@type":"ListItem","position":3,"name":"La Sainte Trinit\u00e9, pr\u00e9figuration de notre combat asc\u00e9tique \u2013 hi\u00e9romoine Nicolas Sakharov"}]},{"@type":"WebSite","@id":"https:\/\/orthodoxia.be\/#website","url":"https:\/\/orthodoxia.be\/","name":"Orthodox Archdiocese of Belgium (Benelux)","description":"Exarque des Pays-Bas et du Luxembourg","publisher":{"@id":"https:\/\/orthodoxia.be\/#organization"},"alternateName":"IMB","potentialAction":[{"@type":"SearchAction","target":{"@type":"EntryPoint","urlTemplate":"https:\/\/orthodoxia.be\/?s={search_term_string}"},"query-input":{"@type":"PropertyValueSpecification","valueRequired":true,"valueName":"search_term_string"}}],"inLanguage":"fr-BE"},{"@type":"Organization","@id":"https:\/\/orthodoxia.be\/#organization","name":"Orthodox Archdiocese of Belgium (Benelux)","url":"https:\/\/orthodoxia.be\/","logo":{"@type":"ImageObject","inLanguage":"fr-BE","@id":"https:\/\/orthodoxia.be\/#\/schema\/logo\/image\/","url":"https:\/\/orthodoxia.be\/wp-content\/uploads\/2024\/02\/cropped-IMB-logo-512-cl-1.png","contentUrl":"https:\/\/orthodoxia.be\/wp-content\/uploads\/2024\/02\/cropped-IMB-logo-512-cl-1.png","width":512,"height":512,"caption":"Orthodox Archdiocese of Belgium (Benelux)"},"image":{"@id":"https:\/\/orthodoxia.be\/#\/schema\/logo\/image\/"},"sameAs":["https:\/\/www.facebook.com\/orthobel","https:\/\/x.com\/orthobel","https:\/\/www.youtube.com\/c\/orthobel","https:\/\/www.mixcloud.com\/orthobel\/","https:\/\/www.flickr.com\/photos\/148264890@N07\/albums","https:\/\/www.dailymotion.com\/Orthobel"]}]}},"_links":{"self":[{"href":"https:\/\/orthodoxia.be\/fr\/wp-json\/wp\/v2\/eventer\/13343","targetHints":{"allow":["GET"]}}],"collection":[{"href":"https:\/\/orthodoxia.be\/fr\/wp-json\/wp\/v2\/eventer"}],"about":[{"href":"https:\/\/orthodoxia.be\/fr\/wp-json\/wp\/v2\/types\/eventer"}],"author":[{"embeddable":true,"href":"https:\/\/orthodoxia.be\/fr\/wp-json\/wp\/v2\/users\/2"}],"replies":[{"embeddable":true,"href":"https:\/\/orthodoxia.be\/fr\/wp-json\/wp\/v2\/comments?post=13343"}],"wp:featuredmedia":[{"embeddable":true,"href":"https:\/\/orthodoxia.be\/fr\/wp-json\/wp\/v2\/media\/13297"}],"wp:attachment":[{"href":"https:\/\/orthodoxia.be\/fr\/wp-json\/wp\/v2\/media?parent=13343"}],"wp:term":[{"taxonomy":"eventer-category","embeddable":true,"href":"https:\/\/orthodoxia.be\/fr\/wp-json\/wp\/v2\/eventer-category?post=13343"},{"taxonomy":"eventer-tag","embeddable":true,"href":"https:\/\/orthodoxia.be\/fr\/wp-json\/wp\/v2\/eventer-tag?post=13343"},{"taxonomy":"eventer-venue","embeddable":true,"href":"https:\/\/orthodoxia.be\/fr\/wp-json\/wp\/v2\/eventer-venue?post=13343"},{"taxonomy":"eventer-organizer","embeddable":true,"href":"https:\/\/orthodoxia.be\/fr\/wp-json\/wp\/v2\/eventer-organizer?post=13343"}],"curies":[{"name":"wp","href":"https:\/\/api.w.org\/{rel}","templated":true}]}}