{"id":19631,"date":"2019-09-11T10:13:23","date_gmt":"2019-09-11T08:13:23","guid":{"rendered":"http:\/\/orthodoxia.be\/?post_type=eventer&#038;p=19631"},"modified":"2019-09-11T10:22:18","modified_gmt":"2019-09-11T08:22:18","slug":"weekend-pour-la-jeunesse-orthodoxe-18-20-10-2019","status":"publish","type":"eventer","link":"https:\/\/orthodoxia.be\/fr\/eventer\/weekend-pour-la-jeunesse-orthodoxe-18-20-10-2019\/","title":{"rendered":"Weekend pour la jeunesse orthodoxe 18-20.10.2019"},"content":{"rendered":"<p>Chers Amis,<\/p>\n<p>Notre M\u00e9tropole organise comme chaque ann\u00e9e une Rencontre de la Jeunesse Orthodoxe du Benelux entre <strong>le 18 et le 20 octobre 2019<\/strong>.<\/p>\n<p>Lieu : <strong>Jeugdcentrum De Karmel<\/strong><br \/>\nTorhoutsesteenweg 406 \u2013 8200 Brugge<\/p>\n<p>Le th\u00e8me de la Rencontre est:<br \/>\n<strong>\u00abComment vivre la foi orthodoxe aujourd\u2019hui\u00bb?<\/strong><\/p>\n<p>Invit\u00e9:<br \/>\n<span><strong>Hi\u00e9romoine Macaire de Simonos Petras<\/strong> (Athos)<\/span><\/p>\n<p>Vous \u00eates cordialement invit\u00e9s \u00e0 vous inscrire d\u00e8s \u00e0 pr\u00e9sent sur notre site www.ojb-job.org pour pouvoir participer \u00e0 cet \u00e9v\u00e9nement unique d\u00e9di\u00e9 \u00e0 vous.<\/p>\n","protected":false},"excerpt":{"rendered":"<p>Chers Amis, Notre M\u00e9tropole organise comme chaque ann\u00e9e une Rencontre de la Jeunesse Orthodoxe du Benelux entre le 18 et le 20 octobre 2019. Lieu : Jeugdcentrum De Karmel Torhoutsesteenweg 406 \u2013 8200 Brugge Le th\u00e8me de la Rencontre est: \u00abComment vivre la foi orthodoxe aujourd\u2019hui\u00bb? Invit\u00e9: Hi\u00e9romoine Macaire de Simonos Petras (Athos) Vous \u00eates &hellip; <a href=\"https:\/\/orthodoxia.be\/fr\/eventer\/weekend-pour-la-jeunesse-orthodoxe-18-20-10-2019\/\">Continued<\/a><\/p>\n","protected":false},"author":2,"featured_media":19568,"comment_status":"closed","ping_status":"closed","template":"","eventer-category":[338],"eventer-tag":[],"eventer-venue":[365],"eventer-organizer":[334],"class_list":{"0":"post-19631","2":"type-eventer","3":"status-publish","4":"has-post-thumbnail","5":"hentry","6":"eventer-category-jeunesse-orthodoxe-du-benelux-ojb-job","7":"eventer-venue-de-karmel-fr","8":"eventer-organizer-pere-ciprian-popescu"},"acf":[],"eventer_organizer":{"term":"P\u00e8re Ciprian Popescu","organizer_phone":"+32 496 03 29 41","organizer_email":"youth@orthodoxia.be","organizer_website":""},"eventer_venue":{"term":"Jeugdcentrum \u201cDe Karmel\u201d","venue_image":"","venue_address":"Torhoutsesteenweg 406, 8200 Brugge","venue_coordinates":""},"yoast_head":"<!-- This site is optimized with the Yoast SEO plugin v24.3 - https:\/\/yoast.com\/wordpress\/plugins\/seo\/ -->\n<title>Weekend pour la jeunesse orthodoxe 18-20.10.2019 - Archev\u00each\u00e9 Orthodoxe de Belgique<\/title>\n<meta name=\"robots\" content=\"index, follow, max-snippet:-1, max-image-preview:large, max-video-preview:-1\" \/>\n<link rel=\"canonical\" href=\"https:\/\/orthodoxia.be\/eventer\/\u03c3\u03b1\u03b2\u03b2\u03b1\u03c4\u03bf\u03ba\u03cd\u03c1\u03b9\u03b1\u03ba\u03bf-\u03bf\u03c1\u03b8\u03cc\u03b4\u03bf\u03be\u03b7\u03c2-\u03bd\u03b5\u03bf\u03bb\u03b1\u03af\u03b1\u03c2-18-20-10-20\/\" \/>\n<meta property=\"og:locale\" content=\"fr_FR\" \/>\n<meta property=\"og:type\" content=\"article\" \/>\n<meta property=\"og:title\" content=\"Weekend pour la jeunesse orthodoxe 18-20.10.2019 - Archev\u00each\u00e9 Orthodoxe de Belgique\" \/>\n<meta property=\"og:description\" content=\"Chers Amis, Notre M\u00e9tropole organise comme chaque ann\u00e9e une Rencontre de la Jeunesse Orthodoxe du Benelux entre le 18 et le 20 octobre 2019. Lieu : Jeugdcentrum De Karmel Torhoutsesteenweg 406 \u2013 8200 Brugge Le th\u00e8me de la Rencontre est: \u00abComment vivre la foi orthodoxe aujourd\u2019hui\u00bb? Invit\u00e9: Hi\u00e9romoine Macaire de Simonos Petras (Athos) Vous \u00eates &hellip; Continued\" \/>\n<meta property=\"og:url\" content=\"https:\/\/orthodoxia.be\/eventer\/\u03c3\u03b1\u03b2\u03b2\u03b1\u03c4\u03bf\u03ba\u03cd\u03c1\u03b9\u03b1\u03ba\u03bf-\u03bf\u03c1\u03b8\u03cc\u03b4\u03bf\u03be\u03b7\u03c2-\u03bd\u03b5\u03bf\u03bb\u03b1\u03af\u03b1\u03c2-18-20-10-20\/\" \/>\n<meta property=\"og:site_name\" content=\"Archev\u00each\u00e9 Orthodoxe de Belgique\" \/>\n<meta property=\"article:publisher\" content=\"https:\/\/www.facebook.com\/orthobel\" \/>\n<meta property=\"article:modified_time\" content=\"2019-09-11T08:22:18+00:00\" \/>\n<meta property=\"og:image\" content=\"https:\/\/orthodoxia.be\/wp-content\/uploads\/2019\/09\/OJB-WE2019-FR_v2-100dpi.jpg\" \/>\n\t<meta property=\"og:image:width\" content=\"1169\" \/>\n\t<meta property=\"og:image:height\" content=\"1654\" \/>\n\t<meta property=\"og:image:type\" content=\"image\/jpeg\" \/>\n<meta name=\"twitter:card\" content=\"summary_large_image\" \/>\n<meta name=\"twitter:site\" content=\"@orthobel\" \/>\n<script type=\"application\/ld+json\" class=\"yoast-schema-graph\">{\"@context\":\"https:\/\/schema.org\",\"@graph\":[{\"@type\":\"WebPage\",\"@id\":\"https:\/\/orthodoxia.be\/eventer\/%cf%83%ce%b1%ce%b2%ce%b2%ce%b1%cf%84%ce%bf%ce%ba%cf%8d%cf%81%ce%b9%ce%b1%ce%ba%ce%bf-%ce%bf%cf%81%ce%b8%cf%8c%ce%b4%ce%bf%ce%be%ce%b7%cf%82-%ce%bd%ce%b5%ce%bf%ce%bb%ce%b1%ce%af%ce%b1%cf%82-18-20-10-20\/\",\"url\":\"https:\/\/orthodoxia.be\/eventer\/%cf%83%ce%b1%ce%b2%ce%b2%ce%b1%cf%84%ce%bf%ce%ba%cf%8d%cf%81%ce%b9%ce%b1%ce%ba%ce%bf-%ce%bf%cf%81%ce%b8%cf%8c%ce%b4%ce%bf%ce%be%ce%b7%cf%82-%ce%bd%ce%b5%ce%bf%ce%bb%ce%b1%ce%af%ce%b1%cf%82-18-20-10-20\/\",\"name\":\"Weekend pour la jeunesse orthodoxe 18-20.10.2019 - Archev\u00each\u00e9 Orthodoxe de Belgique\",\"isPartOf\":{\"@id\":\"https:\/\/orthodoxia.be\/#website\"},\"primaryImageOfPage\":{\"@id\":\"https:\/\/orthodoxia.be\/eventer\/%cf%83%ce%b1%ce%b2%ce%b2%ce%b1%cf%84%ce%bf%ce%ba%cf%8d%cf%81%ce%b9%ce%b1%ce%ba%ce%bf-%ce%bf%cf%81%ce%b8%cf%8c%ce%b4%ce%bf%ce%be%ce%b7%cf%82-%ce%bd%ce%b5%ce%bf%ce%bb%ce%b1%ce%af%ce%b1%cf%82-18-20-10-20\/#primaryimage\"},\"image\":{\"@id\":\"https:\/\/orthodoxia.be\/eventer\/%cf%83%ce%b1%ce%b2%ce%b2%ce%b1%cf%84%ce%bf%ce%ba%cf%8d%cf%81%ce%b9%ce%b1%ce%ba%ce%bf-%ce%bf%cf%81%ce%b8%cf%8c%ce%b4%ce%bf%ce%be%ce%b7%cf%82-%ce%bd%ce%b5%ce%bf%ce%bb%ce%b1%ce%af%ce%b1%cf%82-18-20-10-20\/#primaryimage\"},\"thumbnailUrl\":\"https:\/\/orthodoxia.be\/wp-content\/uploads\/2019\/09\/OJB-WE2019-FR_v2-100dpi.jpg\",\"datePublished\":\"2019-09-11T08:13:23+00:00\",\"dateModified\":\"2019-09-11T08:22:18+00:00\",\"breadcrumb\":{\"@id\":\"https:\/\/orthodoxia.be\/eventer\/%cf%83%ce%b1%ce%b2%ce%b2%ce%b1%cf%84%ce%bf%ce%ba%cf%8d%cf%81%ce%b9%ce%b1%ce%ba%ce%bf-%ce%bf%cf%81%ce%b8%cf%8c%ce%b4%ce%bf%ce%be%ce%b7%cf%82-%ce%bd%ce%b5%ce%bf%ce%bb%ce%b1%ce%af%ce%b1%cf%82-18-20-10-20\/#breadcrumb\"},\"inLanguage\":\"fr-BE\",\"potentialAction\":[{\"@type\":\"ReadAction\",\"target\":[\"https:\/\/orthodoxia.be\/eventer\/%cf%83%ce%b1%ce%b2%ce%b2%ce%b1%cf%84%ce%bf%ce%ba%cf%8d%cf%81%ce%b9%ce%b1%ce%ba%ce%bf-%ce%bf%cf%81%ce%b8%cf%8c%ce%b4%ce%bf%ce%be%ce%b7%cf%82-%ce%bd%ce%b5%ce%bf%ce%bb%ce%b1%ce%af%ce%b1%cf%82-18-20-10-20\/\"]}]},{\"@type\":\"ImageObject\",\"inLanguage\":\"fr-BE\",\"@id\":\"https:\/\/orthodoxia.be\/eventer\/%cf%83%ce%b1%ce%b2%ce%b2%ce%b1%cf%84%ce%bf%ce%ba%cf%8d%cf%81%ce%b9%ce%b1%ce%ba%ce%bf-%ce%bf%cf%81%ce%b8%cf%8c%ce%b4%ce%bf%ce%be%ce%b7%cf%82-%ce%bd%ce%b5%ce%bf%ce%bb%ce%b1%ce%af%ce%b1%cf%82-18-20-10-20\/#primaryimage\",\"url\":\"https:\/\/orthodoxia.be\/wp-content\/uploads\/2019\/09\/OJB-WE2019-FR_v2-100dpi.jpg\",\"contentUrl\":\"https:\/\/orthodoxia.be\/wp-content\/uploads\/2019\/09\/OJB-WE2019-FR_v2-100dpi.jpg\",\"width\":1169,\"height\":1654},{\"@type\":\"BreadcrumbList\",\"@id\":\"https:\/\/orthodoxia.be\/eventer\/%cf%83%ce%b1%ce%b2%ce%b2%ce%b1%cf%84%ce%bf%ce%ba%cf%8d%cf%81%ce%b9%ce%b1%ce%ba%ce%bf-%ce%bf%cf%81%ce%b8%cf%8c%ce%b4%ce%bf%ce%be%ce%b7%cf%82-%ce%bd%ce%b5%ce%bf%ce%bb%ce%b1%ce%af%ce%b1%cf%82-18-20-10-20\/#breadcrumb\",\"itemListElement\":[{\"@type\":\"ListItem\",\"position\":1,\"name\":\"Home\",\"item\":\"https:\/\/orthodoxia.be\/fr\/\"},{\"@type\":\"ListItem\",\"position\":2,\"name\":\"Eventer\",\"item\":\"https:\/\/orthodoxia.be\/fr\/eventer\/\"},{\"@type\":\"ListItem\",\"position\":3,\"name\":\"Weekend pour la jeunesse orthodoxe 18-20.10.2019\"}]},{\"@type\":\"WebSite\",\"@id\":\"https:\/\/orthodoxia.be\/#website\",\"url\":\"https:\/\/orthodoxia.be\/\",\"name\":\"Orthodox Archdiocese of Belgium (Benelux)\",\"description\":\"Exarque des Pays-Bas et du Luxembourg\",\"publisher\":{\"@id\":\"https:\/\/orthodoxia.be\/#organization\"},\"alternateName\":\"IMB\",\"potentialAction\":[{\"@type\":\"SearchAction\",\"target\":{\"@type\":\"EntryPoint\",\"urlTemplate\":\"https:\/\/orthodoxia.be\/?s={search_term_string}\"},\"query-input\":{\"@type\":\"PropertyValueSpecification\",\"valueRequired\":true,\"valueName\":\"search_term_string\"}}],\"inLanguage\":\"fr-BE\"},{\"@type\":\"Organization\",\"@id\":\"https:\/\/orthodoxia.be\/#organization\",\"name\":\"Orthodox Archdiocese of Belgium (Benelux)\",\"url\":\"https:\/\/orthodoxia.be\/\",\"logo\":{\"@type\":\"ImageObject\",\"inLanguage\":\"fr-BE\",\"@id\":\"https:\/\/orthodoxia.be\/#\/schema\/logo\/image\/\",\"url\":\"https:\/\/orthodoxia.be\/wp-content\/uploads\/2024\/02\/cropped-IMB-logo-512-cl-1.png\",\"contentUrl\":\"https:\/\/orthodoxia.be\/wp-content\/uploads\/2024\/02\/cropped-IMB-logo-512-cl-1.png\",\"width\":512,\"height\":512,\"caption\":\"Orthodox Archdiocese of Belgium (Benelux)\"},\"image\":{\"@id\":\"https:\/\/orthodoxia.be\/#\/schema\/logo\/image\/\"},\"sameAs\":[\"https:\/\/www.facebook.com\/orthobel\",\"https:\/\/x.com\/orthobel\",\"https:\/\/www.youtube.com\/c\/orthobel\",\"https:\/\/www.mixcloud.com\/orthobel\/\",\"https:\/\/www.flickr.com\/photos\/148264890@N07\/albums\",\"https:\/\/www.dailymotion.com\/Orthobel\"]}]}<\/script>\n<!-- \/ Yoast SEO plugin. -->","yoast_head_json":{"title":"Weekend pour la jeunesse orthodoxe 18-20.10.2019 - Archev\u00each\u00e9 Orthodoxe de Belgique","robots":{"index":"index","follow":"follow","max-snippet":"max-snippet:-1","max-image-preview":"max-image-preview:large","max-video-preview":"max-video-preview:-1"},"canonical":"https:\/\/orthodoxia.be\/eventer\/\u03c3\u03b1\u03b2\u03b2\u03b1\u03c4\u03bf\u03ba\u03cd\u03c1\u03b9\u03b1\u03ba\u03bf-\u03bf\u03c1\u03b8\u03cc\u03b4\u03bf\u03be\u03b7\u03c2-\u03bd\u03b5\u03bf\u03bb\u03b1\u03af\u03b1\u03c2-18-20-10-20\/","og_locale":"fr_FR","og_type":"article","og_title":"Weekend pour la jeunesse orthodoxe 18-20.10.2019 - Archev\u00each\u00e9 Orthodoxe de Belgique","og_description":"Chers Amis, Notre M\u00e9tropole organise comme chaque ann\u00e9e une Rencontre de la Jeunesse Orthodoxe du Benelux entre le 18 et le 20 octobre 2019. Lieu : Jeugdcentrum De Karmel Torhoutsesteenweg 406 \u2013 8200 Brugge Le th\u00e8me de la Rencontre est: \u00abComment vivre la foi orthodoxe aujourd\u2019hui\u00bb? Invit\u00e9: Hi\u00e9romoine Macaire de Simonos Petras (Athos) Vous \u00eates &hellip; Continued","og_url":"https:\/\/orthodoxia.be\/eventer\/\u03c3\u03b1\u03b2\u03b2\u03b1\u03c4\u03bf\u03ba\u03cd\u03c1\u03b9\u03b1\u03ba\u03bf-\u03bf\u03c1\u03b8\u03cc\u03b4\u03bf\u03be\u03b7\u03c2-\u03bd\u03b5\u03bf\u03bb\u03b1\u03af\u03b1\u03c2-18-20-10-20\/","og_site_name":"Archev\u00each\u00e9 Orthodoxe de Belgique","article_publisher":"https:\/\/www.facebook.com\/orthobel","article_modified_time":"2019-09-11T08:22:18+00:00","og_image":[{"width":1169,"height":1654,"url":"https:\/\/orthodoxia.be\/wp-content\/uploads\/2019\/09\/OJB-WE2019-FR_v2-100dpi.jpg","type":"image\/jpeg"}],"twitter_card":"summary_large_image","twitter_site":"@orthobel","schema":{"@context":"https:\/\/schema.org","@graph":[{"@type":"WebPage","@id":"https:\/\/orthodoxia.be\/eventer\/%cf%83%ce%b1%ce%b2%ce%b2%ce%b1%cf%84%ce%bf%ce%ba%cf%8d%cf%81%ce%b9%ce%b1%ce%ba%ce%bf-%ce%bf%cf%81%ce%b8%cf%8c%ce%b4%ce%bf%ce%be%ce%b7%cf%82-%ce%bd%ce%b5%ce%bf%ce%bb%ce%b1%ce%af%ce%b1%cf%82-18-20-10-20\/","url":"https:\/\/orthodoxia.be\/eventer\/%cf%83%ce%b1%ce%b2%ce%b2%ce%b1%cf%84%ce%bf%ce%ba%cf%8d%cf%81%ce%b9%ce%b1%ce%ba%ce%bf-%ce%bf%cf%81%ce%b8%cf%8c%ce%b4%ce%bf%ce%be%ce%b7%cf%82-%ce%bd%ce%b5%ce%bf%ce%bb%ce%b1%ce%af%ce%b1%cf%82-18-20-10-20\/","name":"Weekend pour la jeunesse orthodoxe 18-20.10.2019 - Archev\u00each\u00e9 Orthodoxe de Belgique","isPartOf":{"@id":"https:\/\/orthodoxia.be\/#website"},"primaryImageOfPage":{"@id":"https:\/\/orthodoxia.be\/eventer\/%cf%83%ce%b1%ce%b2%ce%b2%ce%b1%cf%84%ce%bf%ce%ba%cf%8d%cf%81%ce%b9%ce%b1%ce%ba%ce%bf-%ce%bf%cf%81%ce%b8%cf%8c%ce%b4%ce%bf%ce%be%ce%b7%cf%82-%ce%bd%ce%b5%ce%bf%ce%bb%ce%b1%ce%af%ce%b1%cf%82-18-20-10-20\/#primaryimage"},"image":{"@id":"https:\/\/orthodoxia.be\/eventer\/%cf%83%ce%b1%ce%b2%ce%b2%ce%b1%cf%84%ce%bf%ce%ba%cf%8d%cf%81%ce%b9%ce%b1%ce%ba%ce%bf-%ce%bf%cf%81%ce%b8%cf%8c%ce%b4%ce%bf%ce%be%ce%b7%cf%82-%ce%bd%ce%b5%ce%bf%ce%bb%ce%b1%ce%af%ce%b1%cf%82-18-20-10-20\/#primaryimage"},"thumbnailUrl":"https:\/\/orthodoxia.be\/wp-content\/uploads\/2019\/09\/OJB-WE2019-FR_v2-100dpi.jpg","datePublished":"2019-09-11T08:13:23+00:00","dateModified":"2019-09-11T08:22:18+00:00","breadcrumb":{"@id":"https:\/\/orthodoxia.be\/eventer\/%cf%83%ce%b1%ce%b2%ce%b2%ce%b1%cf%84%ce%bf%ce%ba%cf%8d%cf%81%ce%b9%ce%b1%ce%ba%ce%bf-%ce%bf%cf%81%ce%b8%cf%8c%ce%b4%ce%bf%ce%be%ce%b7%cf%82-%ce%bd%ce%b5%ce%bf%ce%bb%ce%b1%ce%af%ce%b1%cf%82-18-20-10-20\/#breadcrumb"},"inLanguage":"fr-BE","potentialAction":[{"@type":"ReadAction","target":["https:\/\/orthodoxia.be\/eventer\/%cf%83%ce%b1%ce%b2%ce%b2%ce%b1%cf%84%ce%bf%ce%ba%cf%8d%cf%81%ce%b9%ce%b1%ce%ba%ce%bf-%ce%bf%cf%81%ce%b8%cf%8c%ce%b4%ce%bf%ce%be%ce%b7%cf%82-%ce%bd%ce%b5%ce%bf%ce%bb%ce%b1%ce%af%ce%b1%cf%82-18-20-10-20\/"]}]},{"@type":"ImageObject","inLanguage":"fr-BE","@id":"https:\/\/orthodoxia.be\/eventer\/%cf%83%ce%b1%ce%b2%ce%b2%ce%b1%cf%84%ce%bf%ce%ba%cf%8d%cf%81%ce%b9%ce%b1%ce%ba%ce%bf-%ce%bf%cf%81%ce%b8%cf%8c%ce%b4%ce%bf%ce%be%ce%b7%cf%82-%ce%bd%ce%b5%ce%bf%ce%bb%ce%b1%ce%af%ce%b1%cf%82-18-20-10-20\/#primaryimage","url":"https:\/\/orthodoxia.be\/wp-content\/uploads\/2019\/09\/OJB-WE2019-FR_v2-100dpi.jpg","contentUrl":"https:\/\/orthodoxia.be\/wp-content\/uploads\/2019\/09\/OJB-WE2019-FR_v2-100dpi.jpg","width":1169,"height":1654},{"@type":"BreadcrumbList","@id":"https:\/\/orthodoxia.be\/eventer\/%cf%83%ce%b1%ce%b2%ce%b2%ce%b1%cf%84%ce%bf%ce%ba%cf%8d%cf%81%ce%b9%ce%b1%ce%ba%ce%bf-%ce%bf%cf%81%ce%b8%cf%8c%ce%b4%ce%bf%ce%be%ce%b7%cf%82-%ce%bd%ce%b5%ce%bf%ce%bb%ce%b1%ce%af%ce%b1%cf%82-18-20-10-20\/#breadcrumb","itemListElement":[{"@type":"ListItem","position":1,"name":"Home","item":"https:\/\/orthodoxia.be\/fr\/"},{"@type":"ListItem","position":2,"name":"Eventer","item":"https:\/\/orthodoxia.be\/fr\/eventer\/"},{"@type":"ListItem","position":3,"name":"Weekend pour la jeunesse orthodoxe 18-20.10.2019"}]},{"@type":"WebSite","@id":"https:\/\/orthodoxia.be\/#website","url":"https:\/\/orthodoxia.be\/","name":"Orthodox Archdiocese of Belgium (Benelux)","description":"Exarque des Pays-Bas et du Luxembourg","publisher":{"@id":"https:\/\/orthodoxia.be\/#organization"},"alternateName":"IMB","potentialAction":[{"@type":"SearchAction","target":{"@type":"EntryPoint","urlTemplate":"https:\/\/orthodoxia.be\/?s={search_term_string}"},"query-input":{"@type":"PropertyValueSpecification","valueRequired":true,"valueName":"search_term_string"}}],"inLanguage":"fr-BE"},{"@type":"Organization","@id":"https:\/\/orthodoxia.be\/#organization","name":"Orthodox Archdiocese of Belgium (Benelux)","url":"https:\/\/orthodoxia.be\/","logo":{"@type":"ImageObject","inLanguage":"fr-BE","@id":"https:\/\/orthodoxia.be\/#\/schema\/logo\/image\/","url":"https:\/\/orthodoxia.be\/wp-content\/uploads\/2024\/02\/cropped-IMB-logo-512-cl-1.png","contentUrl":"https:\/\/orthodoxia.be\/wp-content\/uploads\/2024\/02\/cropped-IMB-logo-512-cl-1.png","width":512,"height":512,"caption":"Orthodox Archdiocese of Belgium (Benelux)"},"image":{"@id":"https:\/\/orthodoxia.be\/#\/schema\/logo\/image\/"},"sameAs":["https:\/\/www.facebook.com\/orthobel","https:\/\/x.com\/orthobel","https:\/\/www.youtube.com\/c\/orthobel","https:\/\/www.mixcloud.com\/orthobel\/","https:\/\/www.flickr.com\/photos\/148264890@N07\/albums","https:\/\/www.dailymotion.com\/Orthobel"]}]}},"_links":{"self":[{"href":"https:\/\/orthodoxia.be\/fr\/wp-json\/wp\/v2\/eventer\/19631","targetHints":{"allow":["GET"]}}],"collection":[{"href":"https:\/\/orthodoxia.be\/fr\/wp-json\/wp\/v2\/eventer"}],"about":[{"href":"https:\/\/orthodoxia.be\/fr\/wp-json\/wp\/v2\/types\/eventer"}],"author":[{"embeddable":true,"href":"https:\/\/orthodoxia.be\/fr\/wp-json\/wp\/v2\/users\/2"}],"replies":[{"embeddable":true,"href":"https:\/\/orthodoxia.be\/fr\/wp-json\/wp\/v2\/comments?post=19631"}],"wp:featuredmedia":[{"embeddable":true,"href":"https:\/\/orthodoxia.be\/fr\/wp-json\/wp\/v2\/media\/19568"}],"wp:attachment":[{"href":"https:\/\/orthodoxia.be\/fr\/wp-json\/wp\/v2\/media?parent=19631"}],"wp:term":[{"taxonomy":"eventer-category","embeddable":true,"href":"https:\/\/orthodoxia.be\/fr\/wp-json\/wp\/v2\/eventer-category?post=19631"},{"taxonomy":"eventer-tag","embeddable":true,"href":"https:\/\/orthodoxia.be\/fr\/wp-json\/wp\/v2\/eventer-tag?post=19631"},{"taxonomy":"eventer-venue","embeddable":true,"href":"https:\/\/orthodoxia.be\/fr\/wp-json\/wp\/v2\/eventer-venue?post=19631"},{"taxonomy":"eventer-organizer","embeddable":true,"href":"https:\/\/orthodoxia.be\/fr\/wp-json\/wp\/v2\/eventer-organizer?post=19631"}],"curies":[{"name":"wp","href":"https:\/\/api.w.org\/{rel}","templated":true}]}}