{"id":41539,"date":"2023-05-11T14:32:44","date_gmt":"2023-05-11T12:32:44","guid":{"rendered":"http:\/\/orthodoxia.be\/?post_type=eventer&#038;p=41539"},"modified":"2023-05-11T14:34:25","modified_gmt":"2023-05-11T12:34:25","slug":"conference-la-pentecote-et-la-mission-de-leglise-aujourdhui","status":"publish","type":"eventer","link":"https:\/\/orthodoxia.be\/fr\/eventer\/conference-la-pentecote-et-la-mission-de-leglise-aujourdhui\/","title":{"rendered":"Conf\u00e9rence : \u00ab La Pentec\u00f4te et la mission de l\u2019\u00c9glise aujourd\u2019hui \u00bb"},"content":{"rendered":"<p style=\"text-align: justify;\">Le Cycle de conf\u00e9rences \u00ab Orthodoxos Logos \u00bb de l\u2019Archev\u00each\u00e9 de Belgique, a l\u2019honneur de vous inviter \u00e0 la Conf\u00e9rence de Son Excellence l\u2019\u00c9v\u00eaque Maxim Vasilevich, le jeudi 25 mai 2023 \u00e0 19h30, qui se tiendra au Centre Orthodoxe Ambiorix (Square Ambiorix 2 \u2013 1000 Bruxelles \u2013 M\u00e9tro Schuman).<\/p>\n<p style=\"text-align: justify;\">Son Excellence nous d\u00e9veloppera le sujet \u00abLa Pentec\u00f4te et la mission de l\u2019\u00c9glise aujourd\u2019hui\u00bb, avec une r\u00e9f\u00e9rence particuli\u00e8re \u00e0 la th\u00e9ologie du M\u00e9tropolite Jean Zizioulas.<\/p>\n<p style=\"text-align: justify;\">La pr\u00e9sentation se d\u00e9roulera en anglais.<\/p>\n","protected":false},"excerpt":{"rendered":"<p>Le Cycle de conf\u00e9rences \u00ab Orthodoxos Logos \u00bb de l\u2019Archev\u00each\u00e9 de Belgique, a l\u2019honneur de vous inviter \u00e0 la Conf\u00e9rence de Son Excellence l\u2019\u00c9v\u00eaque Maxim Vasilevich, le jeudi 25 mai 2023 \u00e0 19h30, qui se tiendra au Centre Orthodoxe Ambiorix (Square Ambiorix 2 \u2013 1000 Bruxelles \u2013 M\u00e9tro Schuman). Son Excellence nous d\u00e9veloppera le sujet &hellip; <a href=\"https:\/\/orthodoxia.be\/fr\/eventer\/conference-la-pentecote-et-la-mission-de-leglise-aujourdhui\/\">Continued<\/a><\/p>\n","protected":false},"author":10,"featured_media":41515,"comment_status":"closed","ping_status":"closed","template":"","eventer-category":[327],"eventer-tag":[],"eventer-venue":[],"eventer-organizer":[],"class_list":{"0":"post-41539","2":"type-eventer","3":"status-publish","4":"has-post-thumbnail","5":"hentry","6":"eventer-category---fr"},"acf":[],"eventer_organizer":[],"eventer_venue":[],"yoast_head":"<!-- This site is optimized with the Yoast SEO plugin v24.3 - https:\/\/yoast.com\/wordpress\/plugins\/seo\/ -->\n<title>Conf\u00e9rence : \u00ab La Pentec\u00f4te et la mission de l\u2019\u00c9glise aujourd\u2019hui \u00bb - Archev\u00each\u00e9 Orthodoxe de Belgique<\/title>\n<meta name=\"robots\" content=\"index, follow, max-snippet:-1, max-image-preview:large, max-video-preview:-1\" \/>\n<link rel=\"canonical\" href=\"https:\/\/orthodoxia.be\/eventer\/\u03b4\u03b9\u03ac\u03bb\u03b5\u03be\u03b7-\u03bf\u03c1\u03b8\u03bf\u03b4\u03cc\u03be\u03bf\u03c5-\u03bb\u03cc\u03b3\u03bf\u03c5-\u03c0\u03b5\u03bd\u03c4\u03b7\u03ba\u03bf\u03c3\u03c4\/\" \/>\n<meta property=\"og:locale\" content=\"fr_FR\" \/>\n<meta property=\"og:type\" content=\"article\" \/>\n<meta property=\"og:title\" content=\"Conf\u00e9rence : \u00ab La Pentec\u00f4te et la mission de l\u2019\u00c9glise aujourd\u2019hui \u00bb - Archev\u00each\u00e9 Orthodoxe de Belgique\" \/>\n<meta property=\"og:description\" content=\"Le Cycle de conf\u00e9rences \u00ab Orthodoxos Logos \u00bb de l\u2019Archev\u00each\u00e9 de Belgique, a l\u2019honneur de vous inviter \u00e0 la Conf\u00e9rence de Son Excellence l\u2019\u00c9v\u00eaque Maxim Vasilevich, le jeudi 25 mai 2023 \u00e0 19h30, qui se tiendra au Centre Orthodoxe Ambiorix (Square Ambiorix 2 \u2013 1000 Bruxelles \u2013 M\u00e9tro Schuman). Son Excellence nous d\u00e9veloppera le sujet &hellip; Continued\" \/>\n<meta property=\"og:url\" content=\"https:\/\/orthodoxia.be\/eventer\/\u03b4\u03b9\u03ac\u03bb\u03b5\u03be\u03b7-\u03bf\u03c1\u03b8\u03bf\u03b4\u03cc\u03be\u03bf\u03c5-\u03bb\u03cc\u03b3\u03bf\u03c5-\u03c0\u03b5\u03bd\u03c4\u03b7\u03ba\u03bf\u03c3\u03c4\/\" \/>\n<meta property=\"og:site_name\" content=\"Archev\u00each\u00e9 Orthodoxe de Belgique\" \/>\n<meta property=\"article:publisher\" content=\"https:\/\/www.facebook.com\/orthobel\" \/>\n<meta property=\"article:modified_time\" content=\"2023-05-11T12:34:25+00:00\" \/>\n<meta property=\"og:image\" content=\"https:\/\/orthodoxia.be\/wp-content\/uploads\/2023\/05\/pentikosti-k-ekklisia-simera_V2-FR.jpg\" \/>\n\t<meta property=\"og:image:width\" content=\"1754\" \/>\n\t<meta property=\"og:image:height\" content=\"2480\" \/>\n\t<meta property=\"og:image:type\" content=\"image\/jpeg\" \/>\n<meta name=\"twitter:card\" content=\"summary_large_image\" \/>\n<meta name=\"twitter:site\" content=\"@orthobel\" \/>\n<script type=\"application\/ld+json\" class=\"yoast-schema-graph\">{\"@context\":\"https:\/\/schema.org\",\"@graph\":[{\"@type\":\"WebPage\",\"@id\":\"https:\/\/orthodoxia.be\/eventer\/%ce%b4%ce%b9%ce%ac%ce%bb%ce%b5%ce%be%ce%b7-%ce%bf%cf%81%ce%b8%ce%bf%ce%b4%cf%8c%ce%be%ce%bf%cf%85-%ce%bb%cf%8c%ce%b3%ce%bf%cf%85-%cf%80%ce%b5%ce%bd%cf%84%ce%b7%ce%ba%ce%bf%cf%83%cf%84\/\",\"url\":\"https:\/\/orthodoxia.be\/eventer\/%ce%b4%ce%b9%ce%ac%ce%bb%ce%b5%ce%be%ce%b7-%ce%bf%cf%81%ce%b8%ce%bf%ce%b4%cf%8c%ce%be%ce%bf%cf%85-%ce%bb%cf%8c%ce%b3%ce%bf%cf%85-%cf%80%ce%b5%ce%bd%cf%84%ce%b7%ce%ba%ce%bf%cf%83%cf%84\/\",\"name\":\"Conf\u00e9rence : \u00ab La Pentec\u00f4te et la mission de l\u2019\u00c9glise aujourd\u2019hui \u00bb - Archev\u00each\u00e9 Orthodoxe de Belgique\",\"isPartOf\":{\"@id\":\"https:\/\/orthodoxia.be\/#website\"},\"primaryImageOfPage\":{\"@id\":\"https:\/\/orthodoxia.be\/eventer\/%ce%b4%ce%b9%ce%ac%ce%bb%ce%b5%ce%be%ce%b7-%ce%bf%cf%81%ce%b8%ce%bf%ce%b4%cf%8c%ce%be%ce%bf%cf%85-%ce%bb%cf%8c%ce%b3%ce%bf%cf%85-%cf%80%ce%b5%ce%bd%cf%84%ce%b7%ce%ba%ce%bf%cf%83%cf%84\/#primaryimage\"},\"image\":{\"@id\":\"https:\/\/orthodoxia.be\/eventer\/%ce%b4%ce%b9%ce%ac%ce%bb%ce%b5%ce%be%ce%b7-%ce%bf%cf%81%ce%b8%ce%bf%ce%b4%cf%8c%ce%be%ce%bf%cf%85-%ce%bb%cf%8c%ce%b3%ce%bf%cf%85-%cf%80%ce%b5%ce%bd%cf%84%ce%b7%ce%ba%ce%bf%cf%83%cf%84\/#primaryimage\"},\"thumbnailUrl\":\"https:\/\/orthodoxia.be\/wp-content\/uploads\/2023\/05\/pentikosti-k-ekklisia-simera_V2-FR.jpg\",\"datePublished\":\"2023-05-11T12:32:44+00:00\",\"dateModified\":\"2023-05-11T12:34:25+00:00\",\"breadcrumb\":{\"@id\":\"https:\/\/orthodoxia.be\/eventer\/%ce%b4%ce%b9%ce%ac%ce%bb%ce%b5%ce%be%ce%b7-%ce%bf%cf%81%ce%b8%ce%bf%ce%b4%cf%8c%ce%be%ce%bf%cf%85-%ce%bb%cf%8c%ce%b3%ce%bf%cf%85-%cf%80%ce%b5%ce%bd%cf%84%ce%b7%ce%ba%ce%bf%cf%83%cf%84\/#breadcrumb\"},\"inLanguage\":\"fr-BE\",\"potentialAction\":[{\"@type\":\"ReadAction\",\"target\":[\"https:\/\/orthodoxia.be\/eventer\/%ce%b4%ce%b9%ce%ac%ce%bb%ce%b5%ce%be%ce%b7-%ce%bf%cf%81%ce%b8%ce%bf%ce%b4%cf%8c%ce%be%ce%bf%cf%85-%ce%bb%cf%8c%ce%b3%ce%bf%cf%85-%cf%80%ce%b5%ce%bd%cf%84%ce%b7%ce%ba%ce%bf%cf%83%cf%84\/\"]}]},{\"@type\":\"ImageObject\",\"inLanguage\":\"fr-BE\",\"@id\":\"https:\/\/orthodoxia.be\/eventer\/%ce%b4%ce%b9%ce%ac%ce%bb%ce%b5%ce%be%ce%b7-%ce%bf%cf%81%ce%b8%ce%bf%ce%b4%cf%8c%ce%be%ce%bf%cf%85-%ce%bb%cf%8c%ce%b3%ce%bf%cf%85-%cf%80%ce%b5%ce%bd%cf%84%ce%b7%ce%ba%ce%bf%cf%83%cf%84\/#primaryimage\",\"url\":\"https:\/\/orthodoxia.be\/wp-content\/uploads\/2023\/05\/pentikosti-k-ekklisia-simera_V2-FR.jpg\",\"contentUrl\":\"https:\/\/orthodoxia.be\/wp-content\/uploads\/2023\/05\/pentikosti-k-ekklisia-simera_V2-FR.jpg\",\"width\":1754,\"height\":2480},{\"@type\":\"BreadcrumbList\",\"@id\":\"https:\/\/orthodoxia.be\/eventer\/%ce%b4%ce%b9%ce%ac%ce%bb%ce%b5%ce%be%ce%b7-%ce%bf%cf%81%ce%b8%ce%bf%ce%b4%cf%8c%ce%be%ce%bf%cf%85-%ce%bb%cf%8c%ce%b3%ce%bf%cf%85-%cf%80%ce%b5%ce%bd%cf%84%ce%b7%ce%ba%ce%bf%cf%83%cf%84\/#breadcrumb\",\"itemListElement\":[{\"@type\":\"ListItem\",\"position\":1,\"name\":\"Home\",\"item\":\"https:\/\/orthodoxia.be\/fr\/\"},{\"@type\":\"ListItem\",\"position\":2,\"name\":\"Eventer\",\"item\":\"https:\/\/orthodoxia.be\/fr\/eventer\/\"},{\"@type\":\"ListItem\",\"position\":3,\"name\":\"Conf\u00e9rence : \u00ab La Pentec\u00f4te et la mission de l\u2019\u00c9glise aujourd\u2019hui \u00bb\"}]},{\"@type\":\"WebSite\",\"@id\":\"https:\/\/orthodoxia.be\/#website\",\"url\":\"https:\/\/orthodoxia.be\/\",\"name\":\"Orthodox Archdiocese of Belgium (Benelux)\",\"description\":\"Exarque des Pays-Bas et du Luxembourg\",\"publisher\":{\"@id\":\"https:\/\/orthodoxia.be\/#organization\"},\"alternateName\":\"IMB\",\"potentialAction\":[{\"@type\":\"SearchAction\",\"target\":{\"@type\":\"EntryPoint\",\"urlTemplate\":\"https:\/\/orthodoxia.be\/?s={search_term_string}\"},\"query-input\":{\"@type\":\"PropertyValueSpecification\",\"valueRequired\":true,\"valueName\":\"search_term_string\"}}],\"inLanguage\":\"fr-BE\"},{\"@type\":\"Organization\",\"@id\":\"https:\/\/orthodoxia.be\/#organization\",\"name\":\"Orthodox Archdiocese of Belgium (Benelux)\",\"url\":\"https:\/\/orthodoxia.be\/\",\"logo\":{\"@type\":\"ImageObject\",\"inLanguage\":\"fr-BE\",\"@id\":\"https:\/\/orthodoxia.be\/#\/schema\/logo\/image\/\",\"url\":\"https:\/\/orthodoxia.be\/wp-content\/uploads\/2024\/02\/cropped-IMB-logo-512-cl-1.png\",\"contentUrl\":\"https:\/\/orthodoxia.be\/wp-content\/uploads\/2024\/02\/cropped-IMB-logo-512-cl-1.png\",\"width\":512,\"height\":512,\"caption\":\"Orthodox Archdiocese of Belgium (Benelux)\"},\"image\":{\"@id\":\"https:\/\/orthodoxia.be\/#\/schema\/logo\/image\/\"},\"sameAs\":[\"https:\/\/www.facebook.com\/orthobel\",\"https:\/\/x.com\/orthobel\",\"https:\/\/www.youtube.com\/c\/orthobel\",\"https:\/\/www.mixcloud.com\/orthobel\/\",\"https:\/\/www.flickr.com\/photos\/148264890@N07\/albums\",\"https:\/\/www.dailymotion.com\/Orthobel\"]}]}<\/script>\n<!-- \/ Yoast SEO plugin. -->","yoast_head_json":{"title":"Conf\u00e9rence : \u00ab La Pentec\u00f4te et la mission de l\u2019\u00c9glise aujourd\u2019hui \u00bb - Archev\u00each\u00e9 Orthodoxe de Belgique","robots":{"index":"index","follow":"follow","max-snippet":"max-snippet:-1","max-image-preview":"max-image-preview:large","max-video-preview":"max-video-preview:-1"},"canonical":"https:\/\/orthodoxia.be\/eventer\/\u03b4\u03b9\u03ac\u03bb\u03b5\u03be\u03b7-\u03bf\u03c1\u03b8\u03bf\u03b4\u03cc\u03be\u03bf\u03c5-\u03bb\u03cc\u03b3\u03bf\u03c5-\u03c0\u03b5\u03bd\u03c4\u03b7\u03ba\u03bf\u03c3\u03c4\/","og_locale":"fr_FR","og_type":"article","og_title":"Conf\u00e9rence : \u00ab La Pentec\u00f4te et la mission de l\u2019\u00c9glise aujourd\u2019hui \u00bb - Archev\u00each\u00e9 Orthodoxe de Belgique","og_description":"Le Cycle de conf\u00e9rences \u00ab Orthodoxos Logos \u00bb de l\u2019Archev\u00each\u00e9 de Belgique, a l\u2019honneur de vous inviter \u00e0 la Conf\u00e9rence de Son Excellence l\u2019\u00c9v\u00eaque Maxim Vasilevich, le jeudi 25 mai 2023 \u00e0 19h30, qui se tiendra au Centre Orthodoxe Ambiorix (Square Ambiorix 2 \u2013 1000 Bruxelles \u2013 M\u00e9tro Schuman). Son Excellence nous d\u00e9veloppera le sujet &hellip; Continued","og_url":"https:\/\/orthodoxia.be\/eventer\/\u03b4\u03b9\u03ac\u03bb\u03b5\u03be\u03b7-\u03bf\u03c1\u03b8\u03bf\u03b4\u03cc\u03be\u03bf\u03c5-\u03bb\u03cc\u03b3\u03bf\u03c5-\u03c0\u03b5\u03bd\u03c4\u03b7\u03ba\u03bf\u03c3\u03c4\/","og_site_name":"Archev\u00each\u00e9 Orthodoxe de Belgique","article_publisher":"https:\/\/www.facebook.com\/orthobel","article_modified_time":"2023-05-11T12:34:25+00:00","og_image":[{"width":1754,"height":2480,"url":"https:\/\/orthodoxia.be\/wp-content\/uploads\/2023\/05\/pentikosti-k-ekklisia-simera_V2-FR.jpg","type":"image\/jpeg"}],"twitter_card":"summary_large_image","twitter_site":"@orthobel","schema":{"@context":"https:\/\/schema.org","@graph":[{"@type":"WebPage","@id":"https:\/\/orthodoxia.be\/eventer\/%ce%b4%ce%b9%ce%ac%ce%bb%ce%b5%ce%be%ce%b7-%ce%bf%cf%81%ce%b8%ce%bf%ce%b4%cf%8c%ce%be%ce%bf%cf%85-%ce%bb%cf%8c%ce%b3%ce%bf%cf%85-%cf%80%ce%b5%ce%bd%cf%84%ce%b7%ce%ba%ce%bf%cf%83%cf%84\/","url":"https:\/\/orthodoxia.be\/eventer\/%ce%b4%ce%b9%ce%ac%ce%bb%ce%b5%ce%be%ce%b7-%ce%bf%cf%81%ce%b8%ce%bf%ce%b4%cf%8c%ce%be%ce%bf%cf%85-%ce%bb%cf%8c%ce%b3%ce%bf%cf%85-%cf%80%ce%b5%ce%bd%cf%84%ce%b7%ce%ba%ce%bf%cf%83%cf%84\/","name":"Conf\u00e9rence : \u00ab La Pentec\u00f4te et la mission de l\u2019\u00c9glise aujourd\u2019hui \u00bb - Archev\u00each\u00e9 Orthodoxe de Belgique","isPartOf":{"@id":"https:\/\/orthodoxia.be\/#website"},"primaryImageOfPage":{"@id":"https:\/\/orthodoxia.be\/eventer\/%ce%b4%ce%b9%ce%ac%ce%bb%ce%b5%ce%be%ce%b7-%ce%bf%cf%81%ce%b8%ce%bf%ce%b4%cf%8c%ce%be%ce%bf%cf%85-%ce%bb%cf%8c%ce%b3%ce%bf%cf%85-%cf%80%ce%b5%ce%bd%cf%84%ce%b7%ce%ba%ce%bf%cf%83%cf%84\/#primaryimage"},"image":{"@id":"https:\/\/orthodoxia.be\/eventer\/%ce%b4%ce%b9%ce%ac%ce%bb%ce%b5%ce%be%ce%b7-%ce%bf%cf%81%ce%b8%ce%bf%ce%b4%cf%8c%ce%be%ce%bf%cf%85-%ce%bb%cf%8c%ce%b3%ce%bf%cf%85-%cf%80%ce%b5%ce%bd%cf%84%ce%b7%ce%ba%ce%bf%cf%83%cf%84\/#primaryimage"},"thumbnailUrl":"https:\/\/orthodoxia.be\/wp-content\/uploads\/2023\/05\/pentikosti-k-ekklisia-simera_V2-FR.jpg","datePublished":"2023-05-11T12:32:44+00:00","dateModified":"2023-05-11T12:34:25+00:00","breadcrumb":{"@id":"https:\/\/orthodoxia.be\/eventer\/%ce%b4%ce%b9%ce%ac%ce%bb%ce%b5%ce%be%ce%b7-%ce%bf%cf%81%ce%b8%ce%bf%ce%b4%cf%8c%ce%be%ce%bf%cf%85-%ce%bb%cf%8c%ce%b3%ce%bf%cf%85-%cf%80%ce%b5%ce%bd%cf%84%ce%b7%ce%ba%ce%bf%cf%83%cf%84\/#breadcrumb"},"inLanguage":"fr-BE","potentialAction":[{"@type":"ReadAction","target":["https:\/\/orthodoxia.be\/eventer\/%ce%b4%ce%b9%ce%ac%ce%bb%ce%b5%ce%be%ce%b7-%ce%bf%cf%81%ce%b8%ce%bf%ce%b4%cf%8c%ce%be%ce%bf%cf%85-%ce%bb%cf%8c%ce%b3%ce%bf%cf%85-%cf%80%ce%b5%ce%bd%cf%84%ce%b7%ce%ba%ce%bf%cf%83%cf%84\/"]}]},{"@type":"ImageObject","inLanguage":"fr-BE","@id":"https:\/\/orthodoxia.be\/eventer\/%ce%b4%ce%b9%ce%ac%ce%bb%ce%b5%ce%be%ce%b7-%ce%bf%cf%81%ce%b8%ce%bf%ce%b4%cf%8c%ce%be%ce%bf%cf%85-%ce%bb%cf%8c%ce%b3%ce%bf%cf%85-%cf%80%ce%b5%ce%bd%cf%84%ce%b7%ce%ba%ce%bf%cf%83%cf%84\/#primaryimage","url":"https:\/\/orthodoxia.be\/wp-content\/uploads\/2023\/05\/pentikosti-k-ekklisia-simera_V2-FR.jpg","contentUrl":"https:\/\/orthodoxia.be\/wp-content\/uploads\/2023\/05\/pentikosti-k-ekklisia-simera_V2-FR.jpg","width":1754,"height":2480},{"@type":"BreadcrumbList","@id":"https:\/\/orthodoxia.be\/eventer\/%ce%b4%ce%b9%ce%ac%ce%bb%ce%b5%ce%be%ce%b7-%ce%bf%cf%81%ce%b8%ce%bf%ce%b4%cf%8c%ce%be%ce%bf%cf%85-%ce%bb%cf%8c%ce%b3%ce%bf%cf%85-%cf%80%ce%b5%ce%bd%cf%84%ce%b7%ce%ba%ce%bf%cf%83%cf%84\/#breadcrumb","itemListElement":[{"@type":"ListItem","position":1,"name":"Home","item":"https:\/\/orthodoxia.be\/fr\/"},{"@type":"ListItem","position":2,"name":"Eventer","item":"https:\/\/orthodoxia.be\/fr\/eventer\/"},{"@type":"ListItem","position":3,"name":"Conf\u00e9rence : \u00ab La Pentec\u00f4te et la mission de l\u2019\u00c9glise aujourd\u2019hui \u00bb"}]},{"@type":"WebSite","@id":"https:\/\/orthodoxia.be\/#website","url":"https:\/\/orthodoxia.be\/","name":"Orthodox Archdiocese of Belgium (Benelux)","description":"Exarque des Pays-Bas et du Luxembourg","publisher":{"@id":"https:\/\/orthodoxia.be\/#organization"},"alternateName":"IMB","potentialAction":[{"@type":"SearchAction","target":{"@type":"EntryPoint","urlTemplate":"https:\/\/orthodoxia.be\/?s={search_term_string}"},"query-input":{"@type":"PropertyValueSpecification","valueRequired":true,"valueName":"search_term_string"}}],"inLanguage":"fr-BE"},{"@type":"Organization","@id":"https:\/\/orthodoxia.be\/#organization","name":"Orthodox Archdiocese of Belgium (Benelux)","url":"https:\/\/orthodoxia.be\/","logo":{"@type":"ImageObject","inLanguage":"fr-BE","@id":"https:\/\/orthodoxia.be\/#\/schema\/logo\/image\/","url":"https:\/\/orthodoxia.be\/wp-content\/uploads\/2024\/02\/cropped-IMB-logo-512-cl-1.png","contentUrl":"https:\/\/orthodoxia.be\/wp-content\/uploads\/2024\/02\/cropped-IMB-logo-512-cl-1.png","width":512,"height":512,"caption":"Orthodox Archdiocese of Belgium (Benelux)"},"image":{"@id":"https:\/\/orthodoxia.be\/#\/schema\/logo\/image\/"},"sameAs":["https:\/\/www.facebook.com\/orthobel","https:\/\/x.com\/orthobel","https:\/\/www.youtube.com\/c\/orthobel","https:\/\/www.mixcloud.com\/orthobel\/","https:\/\/www.flickr.com\/photos\/148264890@N07\/albums","https:\/\/www.dailymotion.com\/Orthobel"]}]}},"_links":{"self":[{"href":"https:\/\/orthodoxia.be\/fr\/wp-json\/wp\/v2\/eventer\/41539","targetHints":{"allow":["GET"]}}],"collection":[{"href":"https:\/\/orthodoxia.be\/fr\/wp-json\/wp\/v2\/eventer"}],"about":[{"href":"https:\/\/orthodoxia.be\/fr\/wp-json\/wp\/v2\/types\/eventer"}],"author":[{"embeddable":true,"href":"https:\/\/orthodoxia.be\/fr\/wp-json\/wp\/v2\/users\/10"}],"replies":[{"embeddable":true,"href":"https:\/\/orthodoxia.be\/fr\/wp-json\/wp\/v2\/comments?post=41539"}],"wp:featuredmedia":[{"embeddable":true,"href":"https:\/\/orthodoxia.be\/fr\/wp-json\/wp\/v2\/media\/41515"}],"wp:attachment":[{"href":"https:\/\/orthodoxia.be\/fr\/wp-json\/wp\/v2\/media?parent=41539"}],"wp:term":[{"taxonomy":"eventer-category","embeddable":true,"href":"https:\/\/orthodoxia.be\/fr\/wp-json\/wp\/v2\/eventer-category?post=41539"},{"taxonomy":"eventer-tag","embeddable":true,"href":"https:\/\/orthodoxia.be\/fr\/wp-json\/wp\/v2\/eventer-tag?post=41539"},{"taxonomy":"eventer-venue","embeddable":true,"href":"https:\/\/orthodoxia.be\/fr\/wp-json\/wp\/v2\/eventer-venue?post=41539"},{"taxonomy":"eventer-organizer","embeddable":true,"href":"https:\/\/orthodoxia.be\/fr\/wp-json\/wp\/v2\/eventer-organizer?post=41539"}],"curies":[{"name":"wp","href":"https:\/\/api.w.org\/{rel}","templated":true}]}}