{"id":15818,"date":"2018-06-13T14:57:33","date_gmt":"2018-06-13T12:57:33","guid":{"rendered":"http:\/\/orthodoxia.be\/?page_id=15818"},"modified":"2023-06-13T10:32:27","modified_gmt":"2023-06-13T08:32:27","slug":"membres","status":"publish","type":"page","link":"https:\/\/orthodoxia.be\/fr\/conference-episcopale-orthodoxe-du-benelux\/membres\/","title":{"rendered":"MEMBRES"},"content":{"rendered":"<h2><\/h2>\n<p>&nbsp;<\/p>\n<h2><\/h2>\n<h2 style=\"text-align: justify;\"><strong>I. PATRIARCAT \u0152CUM\u00c9NIQUE<\/strong><\/h2>\n<p style=\"text-align: justify;\"><strong>1. <a href=\"https:\/\/orthodoxia.be\/fr\/le-metropolite-athenagoras-de-belgique\/\">Son \u00c9minence le M\u00e9tropolite Ath\u00e9nagoras de Belgique, Exarque des Pays-Bas et du Luxembourg<\/a>, (22.06.2003), Pr\u00e9sident<\/strong><br \/>\n<strong>Adresse:<\/strong> Avenue Charbo 71, 1030 Bruxelles<br \/>\n<strong>T\u00e9l.:<\/strong> +32.2\/736.52.78. <strong>E-mail:<\/strong> <a href=\"mailto:belgiou@orthodoxia.be\">belgiou@orthodoxia.be<\/a><br \/>\n<strong>2. Son Excellence l\u2019\u00c9v\u00eaque Joachim d\u2019Apollonia, \u00c9v\u00eaque Auxiliaire (26.01.2020)<\/strong><br \/>\n<strong>Adresse:<\/strong> Rue de Stassart 92, 1050 Bruxelles<br \/>\n<strong>T\u00e9l.:<\/strong> +32.470\/70.29.65. <strong>E-mail:<\/strong> <a href=\"mailto:iarchontos@gmail.com\">iarchontos@gmail.com<\/a><\/p>\n<h2 style=\"text-align: justify;\"><strong>II. PATRIARCAT D&#8217;ANTIOCHE<\/strong><\/h2>\n<p style=\"text-align: justify;\"><strong>3. Son \u00c9minence le M\u00e9tropolite Isaac (11.04.1987), Vice-Pr\u00e9sident (Belgique)<\/strong><br \/>\n<strong>Adresse:<\/strong> Geranienweg 27-29, Seeberg-K\u00f6ln, Deutschland<br \/>\n<strong>T\u00e9l.:<\/strong> +49.221705035. <strong>E-mail:<\/strong> <a href=\"mailto:isaac.barakat@hotmail.com\">isaac.barakat@hotmail.com<\/a><\/p>\n<h2 style=\"text-align: justify;\"><strong>III. PATRIARCAT DE MOSCOU<\/strong><\/h2>\n<p style=\"text-align: justify;\"><strong>4. Son Excellence l\u2019Archev\u00eaque Simon (11.04.1987) (Belgique)<\/strong><br \/>\n<strong>Adresse:<\/strong> Rue des Chevaliers 29, 1050 Bruxelles<br \/>\n<strong>T\u00e9l.<\/strong> et <strong>Fax:<\/strong> +32.2\/513.33.74. <strong>E-mail:<\/strong> <a href=\"mailto:info@archiepiskopia.be\">info@archiepiskopia.be<\/a><br \/>\n<strong>5. Son Excellence l\u2019Archev\u00eaque Eliss\u00e9e (26.11.2006) (Pays-Bas)<\/strong><br \/>\n<strong>Adresse:<\/strong> 1e Sweelinckstraat 54, 2517 GE Den Haag, Nederland<br \/>\n<strong>T\u00e9l.:<\/strong> +44 7795 225500. <strong>E-mail:<\/strong> <a href=\"mailto:eparhia@orthodox.nl\">eparhia@orthodox.nl<\/a><br \/>\n<strong>6. Son Excellence l\u2019\u00c9v\u00eaque Ir\u00e9n\u00e9e (ROCOR) (06.11.2016)<\/strong><br \/>\n<strong>Adresse:<\/strong> 58 Shrewsbury Road, Birkenhead, CH43 2JJ, United Kingdom<br \/>\n<strong>T\u00e9l.:<\/strong> +1(415)412-5180. <strong>E-mail:<\/strong> <a href=\"mailto:irenei.lyons@icloud.com\">irenei.lyons@icloud.com<\/a><br \/>\n<strong>7. Son \u00c9minence le M\u00e9tropolite Jean (15.03.2015)<\/strong><br \/>\nArchev\u00each\u00e9 des Paroisses de Tradition Russe<br \/>\n<strong>Adresse:<\/strong> Rue Daru 12 &#8211; 75008 Paris, France<br \/>\n<strong>T\u00e9l.:<\/strong> +33.1.42.27.37.34. <strong>E-mail:<\/strong> <a href=\"mailto:jeanrenneteau@gmail.com\">jeanrenneteau@gmail.com<\/a><\/p>\n<h2 style=\"text-align: justify;\"><strong>IV. PATRIARCAT DE SERBIE<\/strong><\/h2>\n<p style=\"text-align: justify;\"><strong>8. Son Excellence l\u2019\u00c9v\u00eaque Justin (12.09.2021)<\/strong><br \/>\n<strong>Adresse:<\/strong> Rue du Simplon 23, 75018 Paris, France<br \/>\n<strong>T\u00e9l.:<\/strong> +33.1\/42.52.99.90. <strong>E-mail:<\/strong> <a href=\"mailto:info@egliseorthodoxeserbe.org\">info@egliseorthodoxeserbe.org<\/a><\/p>\n<h2 style=\"text-align: justify;\"><strong>V. PATRIARCAT DE ROUMANIE<\/strong><\/h2>\n<p style=\"text-align: justify;\"><strong>9. Son \u00c9minence le M\u00e9tropolite S\u00e9raphim (11.03.1990) (Luxembourg)<\/strong><br \/>\n<strong>Adresse:<\/strong> Further Strasse 166, 90429 N\u00fcrnberg, Deutschland<br \/>\n<strong>T\u00e9l.:<\/strong> +49.91\/13.23.69.13. <strong>E-mail:<\/strong> <a href=\"mailto:serafim@mitropolia-ro.de\">serafim@mitropolia-ro.de<\/a><br \/>\n<strong>10. Son \u00c9minence le M\u00e9tropolite Joseph (15.03.1998) (Belgique et Pays-Bas)<\/strong><br \/>\n<strong>Adresse:<\/strong> Bd du G\u00e9n\u00e9ral Leclerc 1, 91470 Limours, France<br \/>\n<strong>T\u00e9l.:<\/strong> +33.1\/64.91.59.24. <strong>E-mail:<\/strong> <a href=\"mailto:cabinet@mitropolia.eu\">cabinet@mitropolia.eu<\/a><\/p>\n<h2 style=\"text-align: justify;\"><strong>VI. PATRIARCAT DE BULGARIE<\/strong><\/h2>\n<p style=\"text-align: justify;\"><strong>11. Son \u00c9minence le M\u00e9tropolite Antoine (23.03.2008)<\/strong><br \/>\n<strong>Adresse:<\/strong> Krausenstr. 73, 10117 Berlin, Deutschland<br \/>\n<strong>T\u00e9l.:<\/strong> +49.152\/03.81.24.24. <strong>E-mail:<\/strong> <a href=\"mailto:antonie@abv.bg\">antonie@abv.bg<\/a><\/p>\n<h2 style=\"text-align: justify;\"><strong>VII. PATRIARCAT DE G\u00c9ORGIE<\/strong><\/h2>\n<p style=\"text-align: justify;\"><strong>12. Son Excellence l\u2019\u00c9v\u00eaque Dosith\u00e9e (15.06.2014)<\/strong><br \/>\n<strong>Adresse:<\/strong> Rue de Gendebien 9,1030 Bruxelles<br \/>\n<strong>T\u00e9l.:<\/strong> +32.2\/201.99.50. <strong>E-mail:<\/strong> <a href=\"mailto:dossiteozy@yahoo.fr\">dossiteozy@yahoo.fr<\/a><\/p>\n","protected":false},"excerpt":{"rendered":"<p>&nbsp; I. PATRIARCAT \u0152CUM\u00c9NIQUE 1. Son \u00c9minence le M\u00e9tropolite Ath\u00e9nagoras de Belgique, Exarque des Pays-Bas et du Luxembourg, (22.06.2003), Pr\u00e9sident Adresse: Avenue Charbo 71, 1030 Bruxelles T\u00e9l.: +32.2\/736.52.78. E-mail: belgiou@orthodoxia.be 2. Son Excellence l\u2019\u00c9v\u00eaque Joachim d\u2019Apollonia, \u00c9v\u00eaque Auxiliaire (26.01.2020) Adresse: Rue de Stassart 92, 1050 Bruxelles T\u00e9l.: +32.470\/70.29.65. E-mail: iarchontos@gmail.com II. PATRIARCAT D&#8217;ANTIOCHE 3. Son &hellip; <a href=\"https:\/\/orthodoxia.be\/fr\/conference-episcopale-orthodoxe-du-benelux\/membres\/\">Continued<\/a><\/p>\n","protected":false},"author":2,"featured_media":0,"parent":5702,"menu_order":2,"comment_status":"closed","ping_status":"closed","template":"","meta":{"_acf_changed":false,"footnotes":""},"class_list":["post-15818","page","type-page","status-publish","hentry"],"acf":[],"yoast_head":"<!-- This site is optimized with the Yoast SEO plugin v24.3 - https:\/\/yoast.com\/wordpress\/plugins\/seo\/ -->\n<title>MEMBRES - Archev\u00each\u00e9 Orthodoxe de Belgique<\/title>\n<meta name=\"robots\" content=\"index, follow, max-snippet:-1, max-image-preview:large, max-video-preview:-1\" \/>\n<link rel=\"canonical\" href=\"https:\/\/orthodoxia.be\/fr\/conference-episcopale-orthodoxe-du-benelux\/membres\/\" \/>\n<meta property=\"og:locale\" content=\"fr_FR\" \/>\n<meta property=\"og:type\" content=\"article\" \/>\n<meta property=\"og:title\" content=\"MEMBRES - Archev\u00each\u00e9 Orthodoxe de Belgique\" \/>\n<meta property=\"og:description\" content=\"&nbsp; I. PATRIARCAT \u0152CUM\u00c9NIQUE 1. Son \u00c9minence le M\u00e9tropolite Ath\u00e9nagoras de Belgique, Exarque des Pays-Bas et du Luxembourg, (22.06.2003), Pr\u00e9sident Adresse: Avenue Charbo 71, 1030 Bruxelles T\u00e9l.: +32.2\/736.52.78. E-mail: belgiou@orthodoxia.be 2. Son Excellence l\u2019\u00c9v\u00eaque Joachim d\u2019Apollonia, \u00c9v\u00eaque Auxiliaire (26.01.2020) Adresse: Rue de Stassart 92, 1050 Bruxelles T\u00e9l.: +32.470\/70.29.65. E-mail: iarchontos@gmail.com II. PATRIARCAT D&#8217;ANTIOCHE 3. Son &hellip; Continued\" \/>\n<meta property=\"og:url\" content=\"https:\/\/orthodoxia.be\/fr\/conference-episcopale-orthodoxe-du-benelux\/membres\/\" \/>\n<meta property=\"og:site_name\" content=\"Archev\u00each\u00e9 Orthodoxe de Belgique\" \/>\n<meta property=\"article:publisher\" content=\"https:\/\/www.facebook.com\/orthobel\" \/>\n<meta property=\"article:modified_time\" content=\"2023-06-13T08:32:27+00:00\" \/>\n<meta property=\"og:image\" content=\"https:\/\/orthodoxia.be\/wp-content\/uploads\/2025\/02\/Orthobel.jpg\" \/>\n\t<meta property=\"og:image:width\" content=\"1200\" \/>\n\t<meta property=\"og:image:height\" content=\"675\" \/>\n\t<meta property=\"og:image:type\" content=\"image\/jpeg\" \/>\n<meta name=\"twitter:card\" content=\"summary_large_image\" \/>\n<meta name=\"twitter:site\" content=\"@orthobel\" \/>\n<meta name=\"twitter:label1\" content=\"Dur\u00e9e de lecture est.\" \/>\n\t<meta name=\"twitter:data1\" content=\"1 minute\" \/>\n<script type=\"application\/ld+json\" class=\"yoast-schema-graph\">{\"@context\":\"https:\/\/schema.org\",\"@graph\":[{\"@type\":\"WebPage\",\"@id\":\"https:\/\/orthodoxia.be\/fr\/conference-episcopale-orthodoxe-du-benelux\/membres\/\",\"url\":\"https:\/\/orthodoxia.be\/fr\/conference-episcopale-orthodoxe-du-benelux\/membres\/\",\"name\":\"MEMBRES - Archev\u00each\u00e9 Orthodoxe de Belgique\",\"isPartOf\":{\"@id\":\"https:\/\/orthodoxia.be\/#website\"},\"datePublished\":\"2018-06-13T12:57:33+00:00\",\"dateModified\":\"2023-06-13T08:32:27+00:00\",\"breadcrumb\":{\"@id\":\"https:\/\/orthodoxia.be\/fr\/conference-episcopale-orthodoxe-du-benelux\/membres\/#breadcrumb\"},\"inLanguage\":\"fr-BE\",\"potentialAction\":[{\"@type\":\"ReadAction\",\"target\":[\"https:\/\/orthodoxia.be\/fr\/conference-episcopale-orthodoxe-du-benelux\/membres\/\"]}]},{\"@type\":\"BreadcrumbList\",\"@id\":\"https:\/\/orthodoxia.be\/fr\/conference-episcopale-orthodoxe-du-benelux\/membres\/#breadcrumb\",\"itemListElement\":[{\"@type\":\"ListItem\",\"position\":1,\"name\":\"Home\",\"item\":\"https:\/\/orthodoxia.be\/fr\/\"},{\"@type\":\"ListItem\",\"position\":2,\"name\":\"Conf\u00e9rence Episcopale Orthodoxe du Benelux\",\"item\":\"https:\/\/orthodoxia.be\/fr\/conference-episcopale-orthodoxe-du-benelux\/\"},{\"@type\":\"ListItem\",\"position\":3,\"name\":\"MEMBRES\"}]},{\"@type\":\"WebSite\",\"@id\":\"https:\/\/orthodoxia.be\/#website\",\"url\":\"https:\/\/orthodoxia.be\/\",\"name\":\"Orthodox Archdiocese of Belgium (Benelux)\",\"description\":\"Exarque des Pays-Bas et du Luxembourg\",\"publisher\":{\"@id\":\"https:\/\/orthodoxia.be\/#organization\"},\"alternateName\":\"IMB\",\"potentialAction\":[{\"@type\":\"SearchAction\",\"target\":{\"@type\":\"EntryPoint\",\"urlTemplate\":\"https:\/\/orthodoxia.be\/?s={search_term_string}\"},\"query-input\":{\"@type\":\"PropertyValueSpecification\",\"valueRequired\":true,\"valueName\":\"search_term_string\"}}],\"inLanguage\":\"fr-BE\"},{\"@type\":\"Organization\",\"@id\":\"https:\/\/orthodoxia.be\/#organization\",\"name\":\"Orthodox Archdiocese of Belgium (Benelux)\",\"url\":\"https:\/\/orthodoxia.be\/\",\"logo\":{\"@type\":\"ImageObject\",\"inLanguage\":\"fr-BE\",\"@id\":\"https:\/\/orthodoxia.be\/#\/schema\/logo\/image\/\",\"url\":\"https:\/\/orthodoxia.be\/wp-content\/uploads\/2024\/02\/cropped-IMB-logo-512-cl-1.png\",\"contentUrl\":\"https:\/\/orthodoxia.be\/wp-content\/uploads\/2024\/02\/cropped-IMB-logo-512-cl-1.png\",\"width\":512,\"height\":512,\"caption\":\"Orthodox Archdiocese of Belgium (Benelux)\"},\"image\":{\"@id\":\"https:\/\/orthodoxia.be\/#\/schema\/logo\/image\/\"},\"sameAs\":[\"https:\/\/www.facebook.com\/orthobel\",\"https:\/\/x.com\/orthobel\",\"https:\/\/www.youtube.com\/c\/orthobel\",\"https:\/\/www.mixcloud.com\/orthobel\/\",\"https:\/\/www.flickr.com\/photos\/148264890@N07\/albums\",\"https:\/\/www.dailymotion.com\/Orthobel\"]}]}<\/script>\n<!-- \/ Yoast SEO plugin. -->","yoast_head_json":{"title":"MEMBRES - Archev\u00each\u00e9 Orthodoxe de Belgique","robots":{"index":"index","follow":"follow","max-snippet":"max-snippet:-1","max-image-preview":"max-image-preview:large","max-video-preview":"max-video-preview:-1"},"canonical":"https:\/\/orthodoxia.be\/fr\/conference-episcopale-orthodoxe-du-benelux\/membres\/","og_locale":"fr_FR","og_type":"article","og_title":"MEMBRES - Archev\u00each\u00e9 Orthodoxe de Belgique","og_description":"&nbsp; I. PATRIARCAT \u0152CUM\u00c9NIQUE 1. Son \u00c9minence le M\u00e9tropolite Ath\u00e9nagoras de Belgique, Exarque des Pays-Bas et du Luxembourg, (22.06.2003), Pr\u00e9sident Adresse: Avenue Charbo 71, 1030 Bruxelles T\u00e9l.: +32.2\/736.52.78. E-mail: belgiou@orthodoxia.be 2. Son Excellence l\u2019\u00c9v\u00eaque Joachim d\u2019Apollonia, \u00c9v\u00eaque Auxiliaire (26.01.2020) Adresse: Rue de Stassart 92, 1050 Bruxelles T\u00e9l.: +32.470\/70.29.65. E-mail: iarchontos@gmail.com II. PATRIARCAT D&#8217;ANTIOCHE 3. Son &hellip; Continued","og_url":"https:\/\/orthodoxia.be\/fr\/conference-episcopale-orthodoxe-du-benelux\/membres\/","og_site_name":"Archev\u00each\u00e9 Orthodoxe de Belgique","article_publisher":"https:\/\/www.facebook.com\/orthobel","article_modified_time":"2023-06-13T08:32:27+00:00","og_image":[{"width":1200,"height":675,"url":"https:\/\/orthodoxia.be\/wp-content\/uploads\/2025\/02\/Orthobel.jpg","type":"image\/jpeg"}],"twitter_card":"summary_large_image","twitter_site":"@orthobel","twitter_misc":{"Dur\u00e9e de lecture est.":"1 minute"},"schema":{"@context":"https:\/\/schema.org","@graph":[{"@type":"WebPage","@id":"https:\/\/orthodoxia.be\/fr\/conference-episcopale-orthodoxe-du-benelux\/membres\/","url":"https:\/\/orthodoxia.be\/fr\/conference-episcopale-orthodoxe-du-benelux\/membres\/","name":"MEMBRES - Archev\u00each\u00e9 Orthodoxe de Belgique","isPartOf":{"@id":"https:\/\/orthodoxia.be\/#website"},"datePublished":"2018-06-13T12:57:33+00:00","dateModified":"2023-06-13T08:32:27+00:00","breadcrumb":{"@id":"https:\/\/orthodoxia.be\/fr\/conference-episcopale-orthodoxe-du-benelux\/membres\/#breadcrumb"},"inLanguage":"fr-BE","potentialAction":[{"@type":"ReadAction","target":["https:\/\/orthodoxia.be\/fr\/conference-episcopale-orthodoxe-du-benelux\/membres\/"]}]},{"@type":"BreadcrumbList","@id":"https:\/\/orthodoxia.be\/fr\/conference-episcopale-orthodoxe-du-benelux\/membres\/#breadcrumb","itemListElement":[{"@type":"ListItem","position":1,"name":"Home","item":"https:\/\/orthodoxia.be\/fr\/"},{"@type":"ListItem","position":2,"name":"Conf\u00e9rence Episcopale Orthodoxe du Benelux","item":"https:\/\/orthodoxia.be\/fr\/conference-episcopale-orthodoxe-du-benelux\/"},{"@type":"ListItem","position":3,"name":"MEMBRES"}]},{"@type":"WebSite","@id":"https:\/\/orthodoxia.be\/#website","url":"https:\/\/orthodoxia.be\/","name":"Orthodox Archdiocese of Belgium (Benelux)","description":"Exarque des Pays-Bas et du Luxembourg","publisher":{"@id":"https:\/\/orthodoxia.be\/#organization"},"alternateName":"IMB","potentialAction":[{"@type":"SearchAction","target":{"@type":"EntryPoint","urlTemplate":"https:\/\/orthodoxia.be\/?s={search_term_string}"},"query-input":{"@type":"PropertyValueSpecification","valueRequired":true,"valueName":"search_term_string"}}],"inLanguage":"fr-BE"},{"@type":"Organization","@id":"https:\/\/orthodoxia.be\/#organization","name":"Orthodox Archdiocese of Belgium (Benelux)","url":"https:\/\/orthodoxia.be\/","logo":{"@type":"ImageObject","inLanguage":"fr-BE","@id":"https:\/\/orthodoxia.be\/#\/schema\/logo\/image\/","url":"https:\/\/orthodoxia.be\/wp-content\/uploads\/2024\/02\/cropped-IMB-logo-512-cl-1.png","contentUrl":"https:\/\/orthodoxia.be\/wp-content\/uploads\/2024\/02\/cropped-IMB-logo-512-cl-1.png","width":512,"height":512,"caption":"Orthodox Archdiocese of Belgium (Benelux)"},"image":{"@id":"https:\/\/orthodoxia.be\/#\/schema\/logo\/image\/"},"sameAs":["https:\/\/www.facebook.com\/orthobel","https:\/\/x.com\/orthobel","https:\/\/www.youtube.com\/c\/orthobel","https:\/\/www.mixcloud.com\/orthobel\/","https:\/\/www.flickr.com\/photos\/148264890@N07\/albums","https:\/\/www.dailymotion.com\/Orthobel"]}]}},"_links":{"self":[{"href":"https:\/\/orthodoxia.be\/fr\/wp-json\/wp\/v2\/pages\/15818","targetHints":{"allow":["GET"]}}],"collection":[{"href":"https:\/\/orthodoxia.be\/fr\/wp-json\/wp\/v2\/pages"}],"about":[{"href":"https:\/\/orthodoxia.be\/fr\/wp-json\/wp\/v2\/types\/page"}],"author":[{"embeddable":true,"href":"https:\/\/orthodoxia.be\/fr\/wp-json\/wp\/v2\/users\/2"}],"replies":[{"embeddable":true,"href":"https:\/\/orthodoxia.be\/fr\/wp-json\/wp\/v2\/comments?post=15818"}],"version-history":[{"count":17,"href":"https:\/\/orthodoxia.be\/fr\/wp-json\/wp\/v2\/pages\/15818\/revisions"}],"predecessor-version":[{"id":41800,"href":"https:\/\/orthodoxia.be\/fr\/wp-json\/wp\/v2\/pages\/15818\/revisions\/41800"}],"up":[{"embeddable":true,"href":"https:\/\/orthodoxia.be\/fr\/wp-json\/wp\/v2\/pages\/5702"}],"wp:attachment":[{"href":"https:\/\/orthodoxia.be\/fr\/wp-json\/wp\/v2\/media?parent=15818"}],"curies":[{"name":"wp","href":"https:\/\/api.w.org\/{rel}","templated":true}]}}