{"id":5685,"date":"2018-02-15T10:05:29","date_gmt":"2018-02-15T09:05:29","guid":{"rendered":"http:\/\/new.orthodoxia.be\/?page_id=5685"},"modified":"2019-01-07T17:52:43","modified_gmt":"2019-01-07T16:52:43","slug":"le-metropolite-meletios-de-france-1914-1993","status":"publish","type":"page","link":"https:\/\/orthodoxia.be\/fr\/le-metropolite-athenagoras-de-belgique\/predecesseurs\/le-metropolite-meletios-de-france-1914-1993\/","title":{"rendered":"Le regrett\u00e9 M\u00e9tropolite M\u00e9tropolite M\u00e9l\u00e9tios de France et Exarque de Belgique et du Luxembourg (1914-1993)"},"content":{"rendered":"<h2 style=\"text-align: center;\"><strong>Le regrett\u00e9 M\u00e9tropolite M\u00e9tropolite M\u00e9l\u00e9tios de France et Exarque de Belgique et du Luxembourg (1914-1993)<\/strong><\/h2>\n<p style=\"text-align: justify;\">Le regrett\u00e9 M\u00e9tropolite M\u00e9l\u00e9tios Karabinis est n\u00e9 le 20 d\u00e9cembre 1914 \u00e0 Kalamata, dans le P\u00e9loponn\u00e8se (Gr\u00e8ce). Il fit ses \u00e9tudes de th\u00e9ologie \u00e0 l\u2019Universit\u00e9 d\u2019Ath\u00e8nes et se sp\u00e9cialisa ensuite dans l\u2019ex\u00e9g\u00e8se biblique. En 1940, il fut tonsur\u00e9 moine, recevant le pr\u00e9nom de M\u00e9l\u00e9tios, pour devenir ensuite diacre et pr\u00eatre. Pendant la seconde guerre mondiale, il servit comme aum\u00f4nier dans l\u2019arm\u00e9e grecque. A partir de 1944 il devint pr\u00e9dicateur dans deux \u00e9v\u00each\u00e9s du P\u00e9loponn\u00e8se. En cette p\u00e9riode d\u2019occupation italienne et allemande, il t\u00e9moigna d\u2019une spiritualit\u00e9 et activit\u00e9 sociale remarquable.<\/p>\n<p style=\"text-align: justify;\">En 1946, il fut nomm\u00e9 pr\u00eatre auxiliaire de la Cath\u00e9drale de Saint St\u00e9phane \u00e0 Paris. Il devint ainsi \u00a0un clerc du Patriarcat \u0152cum\u00e9nique du point de vue canonique. En 1950 il devint recteur de la cath\u00e9drale orthodoxe de Paris. Suite \u00e0 ses nombreux efforts au niveau cat\u00e9ch\u00e9tique et social, le Saint Synode du Patriarcat \u0152cum\u00e9nique l\u2019\u00e9lut comme \u00e9v\u00eaque auxiliaire de l\u2019Archev\u00each\u00e9 de Thyateira et Exarchat d\u2019Europe occidentale avec le titre d\u2019Ev\u00eaque de Regio. Son ordination \u00e9piscopale eut lieu \u00e0 Paris le 27 juin 1953.<\/p>\n<p style=\"text-align: justify;\">Le 22 octobre 1963, le Saint Synode du Patriarcat \u0152cum\u00e9nique d\u00e9cida de diviser l\u2019Archev\u00each\u00e9 de Thyateira en plusieurs \u00e9v\u00each\u00e9s diff\u00e9rents, et \u00e0 cette occasion l\u2019Ev\u00eaque M\u00e9l\u00e9tios fut choisi comme premier M\u00e9tropolite de France et Exarque de Belgique, Luxembourg, Espagne et Portugal. Son intronisation eut lieu dans la Cath\u00e9drale de Saint St\u00e9phane \u00e0 Paris le 24 novembre 1963.<\/p>\n<p style=\"text-align: justify;\">En tant qu\u2019Exarque de Belgique le regrett\u00e9 M\u00e9tropolite M\u00e9l\u00e9tios vint visiter notre pays \u00e0 plusieurs reprises et il vint y c\u00e9l\u00e9brer la Liturgie.<\/p>\n<p style=\"text-align: justify;\">A l\u2019initiative du M\u00e9tropolite M\u00e9l\u00e9tios fut fond\u00e9 le 23 f\u00e9vrier 1967 le Comit\u00e9 Orthodoxe Inter\u00e9piscopal de France, avec comme but principal la coordination des contacts de l\u2019Eglise Orthodoxe dans ce pays avec les autres Eglises chr\u00e9tiennes. Derri\u00e8re ce projet se trouvaient encore l\u2019Archev\u00eaque Georges (Tarassoff) de Syracuse et le M\u00e9tropolite Anthony (Bloom) de Sourozh.<\/p>\n<p style=\"text-align: justify;\">Pendant de nombreuses ann\u00e9es, le M\u00e9tropolite M\u00e9l\u00e9tios \u00e9tait le porte-parole de l\u2019\u00e9piscopat orthodoxe en France. Il \u00e9tait aussi le promoteur du dialogue \u0153cum\u00e9nique. Ainsi il \u00e9rigea en 1967 avec le Cardinal Martin une premi\u00e8re rencontre entre les \u00e9v\u00eaques orthodoxes et catholiques en France. Grace \u00e0 lui furent \u00e9rig\u00e9es en France aussi deux commissions mixtes du plus haut niveau: l\u2019une avec les catholiques romains, l\u2019autre avec les protestants.<\/p>\n<p style=\"text-align: justify;\">C\u2019est lui aussi qui a intronis\u00e9 les deux premiers M\u00e9tropolites de Belgique: en 1969 le M\u00e9tropolite Emilianos Zacharopoulos\u00a0; en 1983 le M\u00e9tropolite Panteleimon Kontogiannis. Pendant de nombreuses ann\u00e9es il invitait tous les \u00e9v\u00eaques orthodoxes, pr\u00eatres, diacres et fid\u00e8les \u00e0 participer au Dimanche de l\u2019Orthodoxie dans une grande conc\u00e9l\u00e9bration eucharistique. Cette initiative fut imit\u00e9e ensuite dans les pays voisins et \u00e9galement dans des r\u00e9gions assez \u00e9loign\u00e9es de la diaspora orthodoxe.<\/p>\n<p style=\"text-align: justify;\">Chaque ann\u00e9e le M\u00e9tropolite M\u00e9l\u00e9tios se rendait en Gr\u00e8ce pour le camp scout grec. Cela le tenait \u00e0 c\u0153ur. Plus de 300 jeunes de son Archev\u00each\u00e9 participaient \u00e0 cet \u00e9v\u00e9nement. Cela lui donnait l\u2019occasion de les mener aux sources de la foi populaire orthodoxe.<\/p>\n<p style=\"text-align: justify;\">Il \u00e9tait sp\u00e9cialement attentif aux probl\u00e8mes sociaux. Ainsi il cr\u00e9a en France une quantit\u00e9 d\u2019instituts. Au cours des derni\u00e8res ann\u00e9es il se soucia d\u2019une implantation permanente de l\u2019Orthodoxie en France, cr\u00e9ant surtout dans le sud plusieurs paroisses francophones. Il \u00e9tait conscient que le Patriarcat \u0152cum\u00e9nique avait ce r\u00f4le \u00e0 jouer. Il respectait la diversit\u00e9 de chacun, \u00e9tait discret, mais toujours dispos\u00e9 \u00e0 servir, et ainsi put se rapprocher de plusieurs orthodoxes de France, nonobstant les probl\u00e8mes juridictionnels.<\/p>\n<p style=\"text-align: justify;\">En 1988, il fut oblig\u00e9 de d\u00e9missionner pour des raisons de sant\u00e9. Il fut remplac\u00e9 par un de ses \u00e9v\u00eaques auxiliaires, l\u2019\u00e9v\u00eaque J\u00e9r\u00e9my de Sassime.<\/p>\n<p style=\"text-align: justify;\">En avril 1993, le M\u00e9tropolit M\u00e9l\u00e9tios s\u2019est endormi dans le Seigneur \u00e0 Ath\u00e8nes. Ses fun\u00e9railles ont eu lieu en la Cath\u00e9drale de Saint St\u00e9phane \u00e0 Paris. Le M\u00e9tropolite Panteleimon de Belgique y repr\u00e9senta Sa Toute-Saintet\u00e9 le Patriarche \u0152cum\u00e9nique Bartholom\u00e9e et le Saint Synode.<\/p>\n<p>[FAGP id=8036]<\/p>\n","protected":false},"excerpt":{"rendered":"<p>Le regrett\u00e9 M\u00e9tropolite M\u00e9tropolite M\u00e9l\u00e9tios de France et Exarque de Belgique et du Luxembourg (1914-1993) Le regrett\u00e9 M\u00e9tropolite M\u00e9l\u00e9tios Karabinis est n\u00e9 le 20 d\u00e9cembre 1914 \u00e0 Kalamata, dans le P\u00e9loponn\u00e8se (Gr\u00e8ce). Il fit ses \u00e9tudes de th\u00e9ologie \u00e0 l\u2019Universit\u00e9 d\u2019Ath\u00e8nes et se sp\u00e9cialisa ensuite dans l\u2019ex\u00e9g\u00e8se biblique. En 1940, il fut tonsur\u00e9 moine, recevant &hellip; <a href=\"https:\/\/orthodoxia.be\/fr\/le-metropolite-athenagoras-de-belgique\/predecesseurs\/le-metropolite-meletios-de-france-1914-1993\/\">Continued<\/a><\/p>\n","protected":false},"author":2,"featured_media":12307,"parent":10223,"menu_order":3,"comment_status":"closed","ping_status":"closed","template":"","meta":{"_acf_changed":false,"footnotes":""},"class_list":["post-5685","page","type-page","status-publish","has-post-thumbnail","hentry"],"acf":[],"yoast_head":"<!-- This site is optimized with the Yoast SEO plugin v24.3 - https:\/\/yoast.com\/wordpress\/plugins\/seo\/ -->\n<title>Le regrett\u00e9 M\u00e9tropolite M\u00e9tropolite M\u00e9l\u00e9tios de France et Exarque de Belgique et du Luxembourg (1914-1993) - Archev\u00each\u00e9 Orthodoxe de Belgique<\/title>\n<meta name=\"robots\" content=\"index, follow, max-snippet:-1, max-image-preview:large, max-video-preview:-1\" \/>\n<link rel=\"canonical\" href=\"https:\/\/orthodoxia.be\/fr\/le-metropolite-athenagoras-de-belgique\/predecesseurs\/le-metropolite-meletios-de-france-1914-1993\/\" \/>\n<meta property=\"og:locale\" content=\"fr_FR\" \/>\n<meta property=\"og:type\" content=\"article\" \/>\n<meta property=\"og:title\" content=\"Le regrett\u00e9 M\u00e9tropolite M\u00e9tropolite M\u00e9l\u00e9tios de France et Exarque de Belgique et du Luxembourg (1914-1993) - Archev\u00each\u00e9 Orthodoxe de Belgique\" \/>\n<meta property=\"og:description\" content=\"Le regrett\u00e9 M\u00e9tropolite M\u00e9tropolite M\u00e9l\u00e9tios de France et Exarque de Belgique et du Luxembourg (1914-1993) Le regrett\u00e9 M\u00e9tropolite M\u00e9l\u00e9tios Karabinis est n\u00e9 le 20 d\u00e9cembre 1914 \u00e0 Kalamata, dans le P\u00e9loponn\u00e8se (Gr\u00e8ce). Il fit ses \u00e9tudes de th\u00e9ologie \u00e0 l\u2019Universit\u00e9 d\u2019Ath\u00e8nes et se sp\u00e9cialisa ensuite dans l\u2019ex\u00e9g\u00e8se biblique. En 1940, il fut tonsur\u00e9 moine, recevant &hellip; Continued\" \/>\n<meta property=\"og:url\" content=\"https:\/\/orthodoxia.be\/fr\/le-metropolite-athenagoras-de-belgique\/predecesseurs\/le-metropolite-meletios-de-france-1914-1993\/\" \/>\n<meta property=\"og:site_name\" content=\"Archev\u00each\u00e9 Orthodoxe de Belgique\" \/>\n<meta property=\"article:publisher\" content=\"https:\/\/www.facebook.com\/orthobel\" \/>\n<meta property=\"article:modified_time\" content=\"2019-01-07T16:52:43+00:00\" \/>\n<meta property=\"og:image\" content=\"https:\/\/orthodoxia.be\/wp-content\/uploads\/2018\/09\/Gallias_Meletios-sm.jpg\" \/>\n\t<meta property=\"og:image:width\" content=\"559\" \/>\n\t<meta property=\"og:image:height\" content=\"800\" \/>\n\t<meta property=\"og:image:type\" content=\"image\/jpeg\" \/>\n<meta name=\"twitter:card\" content=\"summary_large_image\" \/>\n<meta name=\"twitter:site\" content=\"@orthobel\" \/>\n<meta name=\"twitter:label1\" content=\"Dur\u00e9e de lecture est.\" \/>\n\t<meta name=\"twitter:data1\" content=\"4 minutes\" \/>\n<script type=\"application\/ld+json\" class=\"yoast-schema-graph\">{\"@context\":\"https:\/\/schema.org\",\"@graph\":[{\"@type\":\"WebPage\",\"@id\":\"https:\/\/orthodoxia.be\/fr\/le-metropolite-athenagoras-de-belgique\/predecesseurs\/le-metropolite-meletios-de-france-1914-1993\/\",\"url\":\"https:\/\/orthodoxia.be\/fr\/le-metropolite-athenagoras-de-belgique\/predecesseurs\/le-metropolite-meletios-de-france-1914-1993\/\",\"name\":\"Le regrett\u00e9 M\u00e9tropolite M\u00e9tropolite M\u00e9l\u00e9tios de France et Exarque de Belgique et du Luxembourg (1914-1993) - Archev\u00each\u00e9 Orthodoxe de Belgique\",\"isPartOf\":{\"@id\":\"https:\/\/orthodoxia.be\/#website\"},\"primaryImageOfPage\":{\"@id\":\"https:\/\/orthodoxia.be\/fr\/le-metropolite-athenagoras-de-belgique\/predecesseurs\/le-metropolite-meletios-de-france-1914-1993\/#primaryimage\"},\"image\":{\"@id\":\"https:\/\/orthodoxia.be\/fr\/le-metropolite-athenagoras-de-belgique\/predecesseurs\/le-metropolite-meletios-de-france-1914-1993\/#primaryimage\"},\"thumbnailUrl\":\"https:\/\/orthodoxia.be\/wp-content\/uploads\/2018\/09\/Gallias_Meletios-sm.jpg\",\"datePublished\":\"2018-02-15T09:05:29+00:00\",\"dateModified\":\"2019-01-07T16:52:43+00:00\",\"breadcrumb\":{\"@id\":\"https:\/\/orthodoxia.be\/fr\/le-metropolite-athenagoras-de-belgique\/predecesseurs\/le-metropolite-meletios-de-france-1914-1993\/#breadcrumb\"},\"inLanguage\":\"fr-BE\",\"potentialAction\":[{\"@type\":\"ReadAction\",\"target\":[\"https:\/\/orthodoxia.be\/fr\/le-metropolite-athenagoras-de-belgique\/predecesseurs\/le-metropolite-meletios-de-france-1914-1993\/\"]}]},{\"@type\":\"ImageObject\",\"inLanguage\":\"fr-BE\",\"@id\":\"https:\/\/orthodoxia.be\/fr\/le-metropolite-athenagoras-de-belgique\/predecesseurs\/le-metropolite-meletios-de-france-1914-1993\/#primaryimage\",\"url\":\"https:\/\/orthodoxia.be\/wp-content\/uploads\/2018\/09\/Gallias_Meletios-sm.jpg\",\"contentUrl\":\"https:\/\/orthodoxia.be\/wp-content\/uploads\/2018\/09\/Gallias_Meletios-sm.jpg\",\"width\":559,\"height\":800},{\"@type\":\"BreadcrumbList\",\"@id\":\"https:\/\/orthodoxia.be\/fr\/le-metropolite-athenagoras-de-belgique\/predecesseurs\/le-metropolite-meletios-de-france-1914-1993\/#breadcrumb\",\"itemListElement\":[{\"@type\":\"ListItem\",\"position\":1,\"name\":\"Home\",\"item\":\"https:\/\/orthodoxia.be\/fr\/\"},{\"@type\":\"ListItem\",\"position\":2,\"name\":\"le M\u00e9tropolite Ath\u00e9nagoras de Belgique\",\"item\":\"https:\/\/orthodoxia.be\/fr\/le-metropolite-athenagoras-de-belgique\/\"},{\"@type\":\"ListItem\",\"position\":3,\"name\":\"Pr\u00e9decesseurs\",\"item\":\"https:\/\/orthodoxia.be\/fr\/le-metropolite-athenagoras-de-belgique\/predecesseurs\/\"},{\"@type\":\"ListItem\",\"position\":4,\"name\":\"Le regrett\u00e9 M\u00e9tropolite M\u00e9tropolite M\u00e9l\u00e9tios de France et Exarque de Belgique et du Luxembourg (1914-1993)\"}]},{\"@type\":\"WebSite\",\"@id\":\"https:\/\/orthodoxia.be\/#website\",\"url\":\"https:\/\/orthodoxia.be\/\",\"name\":\"Orthodox Archdiocese of Belgium (Benelux)\",\"description\":\"Exarque des Pays-Bas et du Luxembourg\",\"publisher\":{\"@id\":\"https:\/\/orthodoxia.be\/#organization\"},\"alternateName\":\"IMB\",\"potentialAction\":[{\"@type\":\"SearchAction\",\"target\":{\"@type\":\"EntryPoint\",\"urlTemplate\":\"https:\/\/orthodoxia.be\/?s={search_term_string}\"},\"query-input\":{\"@type\":\"PropertyValueSpecification\",\"valueRequired\":true,\"valueName\":\"search_term_string\"}}],\"inLanguage\":\"fr-BE\"},{\"@type\":\"Organization\",\"@id\":\"https:\/\/orthodoxia.be\/#organization\",\"name\":\"Orthodox Archdiocese of Belgium (Benelux)\",\"url\":\"https:\/\/orthodoxia.be\/\",\"logo\":{\"@type\":\"ImageObject\",\"inLanguage\":\"fr-BE\",\"@id\":\"https:\/\/orthodoxia.be\/#\/schema\/logo\/image\/\",\"url\":\"https:\/\/orthodoxia.be\/wp-content\/uploads\/2024\/02\/cropped-IMB-logo-512-cl-1.png\",\"contentUrl\":\"https:\/\/orthodoxia.be\/wp-content\/uploads\/2024\/02\/cropped-IMB-logo-512-cl-1.png\",\"width\":512,\"height\":512,\"caption\":\"Orthodox Archdiocese of Belgium (Benelux)\"},\"image\":{\"@id\":\"https:\/\/orthodoxia.be\/#\/schema\/logo\/image\/\"},\"sameAs\":[\"https:\/\/www.facebook.com\/orthobel\",\"https:\/\/x.com\/orthobel\",\"https:\/\/www.youtube.com\/c\/orthobel\",\"https:\/\/www.mixcloud.com\/orthobel\/\",\"https:\/\/www.flickr.com\/photos\/148264890@N07\/albums\",\"https:\/\/www.dailymotion.com\/Orthobel\"]}]}<\/script>\n<!-- \/ Yoast SEO plugin. -->","yoast_head_json":{"title":"Le regrett\u00e9 M\u00e9tropolite M\u00e9tropolite M\u00e9l\u00e9tios de France et Exarque de Belgique et du Luxembourg (1914-1993) - Archev\u00each\u00e9 Orthodoxe de Belgique","robots":{"index":"index","follow":"follow","max-snippet":"max-snippet:-1","max-image-preview":"max-image-preview:large","max-video-preview":"max-video-preview:-1"},"canonical":"https:\/\/orthodoxia.be\/fr\/le-metropolite-athenagoras-de-belgique\/predecesseurs\/le-metropolite-meletios-de-france-1914-1993\/","og_locale":"fr_FR","og_type":"article","og_title":"Le regrett\u00e9 M\u00e9tropolite M\u00e9tropolite M\u00e9l\u00e9tios de France et Exarque de Belgique et du Luxembourg (1914-1993) - Archev\u00each\u00e9 Orthodoxe de Belgique","og_description":"Le regrett\u00e9 M\u00e9tropolite M\u00e9tropolite M\u00e9l\u00e9tios de France et Exarque de Belgique et du Luxembourg (1914-1993) Le regrett\u00e9 M\u00e9tropolite M\u00e9l\u00e9tios Karabinis est n\u00e9 le 20 d\u00e9cembre 1914 \u00e0 Kalamata, dans le P\u00e9loponn\u00e8se (Gr\u00e8ce). Il fit ses \u00e9tudes de th\u00e9ologie \u00e0 l\u2019Universit\u00e9 d\u2019Ath\u00e8nes et se sp\u00e9cialisa ensuite dans l\u2019ex\u00e9g\u00e8se biblique. En 1940, il fut tonsur\u00e9 moine, recevant &hellip; Continued","og_url":"https:\/\/orthodoxia.be\/fr\/le-metropolite-athenagoras-de-belgique\/predecesseurs\/le-metropolite-meletios-de-france-1914-1993\/","og_site_name":"Archev\u00each\u00e9 Orthodoxe de Belgique","article_publisher":"https:\/\/www.facebook.com\/orthobel","article_modified_time":"2019-01-07T16:52:43+00:00","og_image":[{"width":559,"height":800,"url":"https:\/\/orthodoxia.be\/wp-content\/uploads\/2018\/09\/Gallias_Meletios-sm.jpg","type":"image\/jpeg"}],"twitter_card":"summary_large_image","twitter_site":"@orthobel","twitter_misc":{"Dur\u00e9e de lecture est.":"4 minutes"},"schema":{"@context":"https:\/\/schema.org","@graph":[{"@type":"WebPage","@id":"https:\/\/orthodoxia.be\/fr\/le-metropolite-athenagoras-de-belgique\/predecesseurs\/le-metropolite-meletios-de-france-1914-1993\/","url":"https:\/\/orthodoxia.be\/fr\/le-metropolite-athenagoras-de-belgique\/predecesseurs\/le-metropolite-meletios-de-france-1914-1993\/","name":"Le regrett\u00e9 M\u00e9tropolite M\u00e9tropolite M\u00e9l\u00e9tios de France et Exarque de Belgique et du Luxembourg (1914-1993) - Archev\u00each\u00e9 Orthodoxe de Belgique","isPartOf":{"@id":"https:\/\/orthodoxia.be\/#website"},"primaryImageOfPage":{"@id":"https:\/\/orthodoxia.be\/fr\/le-metropolite-athenagoras-de-belgique\/predecesseurs\/le-metropolite-meletios-de-france-1914-1993\/#primaryimage"},"image":{"@id":"https:\/\/orthodoxia.be\/fr\/le-metropolite-athenagoras-de-belgique\/predecesseurs\/le-metropolite-meletios-de-france-1914-1993\/#primaryimage"},"thumbnailUrl":"https:\/\/orthodoxia.be\/wp-content\/uploads\/2018\/09\/Gallias_Meletios-sm.jpg","datePublished":"2018-02-15T09:05:29+00:00","dateModified":"2019-01-07T16:52:43+00:00","breadcrumb":{"@id":"https:\/\/orthodoxia.be\/fr\/le-metropolite-athenagoras-de-belgique\/predecesseurs\/le-metropolite-meletios-de-france-1914-1993\/#breadcrumb"},"inLanguage":"fr-BE","potentialAction":[{"@type":"ReadAction","target":["https:\/\/orthodoxia.be\/fr\/le-metropolite-athenagoras-de-belgique\/predecesseurs\/le-metropolite-meletios-de-france-1914-1993\/"]}]},{"@type":"ImageObject","inLanguage":"fr-BE","@id":"https:\/\/orthodoxia.be\/fr\/le-metropolite-athenagoras-de-belgique\/predecesseurs\/le-metropolite-meletios-de-france-1914-1993\/#primaryimage","url":"https:\/\/orthodoxia.be\/wp-content\/uploads\/2018\/09\/Gallias_Meletios-sm.jpg","contentUrl":"https:\/\/orthodoxia.be\/wp-content\/uploads\/2018\/09\/Gallias_Meletios-sm.jpg","width":559,"height":800},{"@type":"BreadcrumbList","@id":"https:\/\/orthodoxia.be\/fr\/le-metropolite-athenagoras-de-belgique\/predecesseurs\/le-metropolite-meletios-de-france-1914-1993\/#breadcrumb","itemListElement":[{"@type":"ListItem","position":1,"name":"Home","item":"https:\/\/orthodoxia.be\/fr\/"},{"@type":"ListItem","position":2,"name":"le M\u00e9tropolite Ath\u00e9nagoras de Belgique","item":"https:\/\/orthodoxia.be\/fr\/le-metropolite-athenagoras-de-belgique\/"},{"@type":"ListItem","position":3,"name":"Pr\u00e9decesseurs","item":"https:\/\/orthodoxia.be\/fr\/le-metropolite-athenagoras-de-belgique\/predecesseurs\/"},{"@type":"ListItem","position":4,"name":"Le regrett\u00e9 M\u00e9tropolite M\u00e9tropolite M\u00e9l\u00e9tios de France et Exarque de Belgique et du Luxembourg (1914-1993)"}]},{"@type":"WebSite","@id":"https:\/\/orthodoxia.be\/#website","url":"https:\/\/orthodoxia.be\/","name":"Orthodox Archdiocese of Belgium (Benelux)","description":"Exarque des Pays-Bas et du Luxembourg","publisher":{"@id":"https:\/\/orthodoxia.be\/#organization"},"alternateName":"IMB","potentialAction":[{"@type":"SearchAction","target":{"@type":"EntryPoint","urlTemplate":"https:\/\/orthodoxia.be\/?s={search_term_string}"},"query-input":{"@type":"PropertyValueSpecification","valueRequired":true,"valueName":"search_term_string"}}],"inLanguage":"fr-BE"},{"@type":"Organization","@id":"https:\/\/orthodoxia.be\/#organization","name":"Orthodox Archdiocese of Belgium (Benelux)","url":"https:\/\/orthodoxia.be\/","logo":{"@type":"ImageObject","inLanguage":"fr-BE","@id":"https:\/\/orthodoxia.be\/#\/schema\/logo\/image\/","url":"https:\/\/orthodoxia.be\/wp-content\/uploads\/2024\/02\/cropped-IMB-logo-512-cl-1.png","contentUrl":"https:\/\/orthodoxia.be\/wp-content\/uploads\/2024\/02\/cropped-IMB-logo-512-cl-1.png","width":512,"height":512,"caption":"Orthodox Archdiocese of Belgium (Benelux)"},"image":{"@id":"https:\/\/orthodoxia.be\/#\/schema\/logo\/image\/"},"sameAs":["https:\/\/www.facebook.com\/orthobel","https:\/\/x.com\/orthobel","https:\/\/www.youtube.com\/c\/orthobel","https:\/\/www.mixcloud.com\/orthobel\/","https:\/\/www.flickr.com\/photos\/148264890@N07\/albums","https:\/\/www.dailymotion.com\/Orthobel"]}]}},"_links":{"self":[{"href":"https:\/\/orthodoxia.be\/fr\/wp-json\/wp\/v2\/pages\/5685","targetHints":{"allow":["GET"]}}],"collection":[{"href":"https:\/\/orthodoxia.be\/fr\/wp-json\/wp\/v2\/pages"}],"about":[{"href":"https:\/\/orthodoxia.be\/fr\/wp-json\/wp\/v2\/types\/page"}],"author":[{"embeddable":true,"href":"https:\/\/orthodoxia.be\/fr\/wp-json\/wp\/v2\/users\/2"}],"replies":[{"embeddable":true,"href":"https:\/\/orthodoxia.be\/fr\/wp-json\/wp\/v2\/comments?post=5685"}],"version-history":[{"count":6,"href":"https:\/\/orthodoxia.be\/fr\/wp-json\/wp\/v2\/pages\/5685\/revisions"}],"predecessor-version":[{"id":15606,"href":"https:\/\/orthodoxia.be\/fr\/wp-json\/wp\/v2\/pages\/5685\/revisions\/15606"}],"up":[{"embeddable":true,"href":"https:\/\/orthodoxia.be\/fr\/wp-json\/wp\/v2\/pages\/10223"}],"wp:featuredmedia":[{"embeddable":true,"href":"https:\/\/orthodoxia.be\/fr\/wp-json\/wp\/v2\/media\/12307"}],"wp:attachment":[{"href":"https:\/\/orthodoxia.be\/fr\/wp-json\/wp\/v2\/media?parent=5685"}],"curies":[{"name":"wp","href":"https:\/\/api.w.org\/{rel}","templated":true}]}}